{"id":9946,"date":"2024-01-12T21:01:39","date_gmt":"2024-01-12T20:01:39","guid":{"rendered":"https:\/\/www.sophieleleu.com\/photos\/"},"modified":"2026-04-20T21:09:39","modified_gmt":"2026-04-20T19:09:39","slug":"photos","status":"publish","type":"page","link":"https:\/\/www.sophieleleu.com\/en\/composer\/photos\/","title":{"rendered":"Photos"},"content":{"rendered":"\t\t<div data-elementor-type=\"wp-page\" data-elementor-id=\"9946\" class=\"elementor elementor-9946 elementor-6111\" data-elementor-post-type=\"page\">\n\t\t\t\t\t\t\t\t\t<section data-particle_enable=\"false\" data-particle-mobile-disabled=\"false\" class=\"elementor-section elementor-top-section elementor-element elementor-element-b3ef3d3 heroSection2  wrapper-wide elementor-section-boxed elementor-section-height-default elementor-section-height-default\" data-id=\"b3ef3d3\" data-element_type=\"section\" data-settings=\"{&quot;background_background&quot;:&quot;classic&quot;}\">\n\t\t\t\t\t\t<div class=\"elementor-container elementor-column-gap-default\">\n\t\t\t\t\t<div class=\"elementor-column elementor-col-100 elementor-top-column elementor-element elementor-element-f997e55\" data-id=\"f997e55\" data-element_type=\"column\">\n\t\t\t<div class=\"elementor-widget-wrap elementor-element-populated\">\n\t\t\t\t\t\t\t\t<div class=\"elementor-element elementor-element-8787b39 title elementor-invisible elementor-widget elementor-widget-aliothtextwrapper\" data-id=\"8787b39\" data-element_type=\"widget\" data-settings=\"{&quot;_animation&quot;:&quot;fadeIn&quot;}\" data-widget_type=\"aliothtextwrapper.default\">\n\t\t\t\t<div class=\"elementor-widget-container\">\n\t\t\t\n\n<div class=\"text-wrapper align-center\">\n\n    <h1 class=\"has-anim\" data-animation=\"linesUp\" data-duration=\"1.8\" data-delay=\"1\" data-stagger=\"0.02\">Photos<\/h1>\n<\/div>\n\n\n\t\t<\/div>\n\t\t\t\t<\/div>\n\t\t\t\t\t<\/div>\n\t\t<\/div>\n\t\t\t\t\t\t\t<\/div>\n\t\t<\/section>\n\t\t<div data-particle_enable=\"false\" data-particle-mobile-disabled=\"false\" class=\"elementor-element elementor-element-9152bd9 e-flex e-con-boxed e-con e-parent\" data-id=\"9152bd9\" data-element_type=\"container\" data-settings=\"{&quot;content_width&quot;:&quot;boxed&quot;}\" data-core-v316-plus=\"true\">\n\t\t\t\t\t<div class=\"e-con-inner\">\n\t\t\t\t<div class=\"elementor-element elementor-element-b330e81 filterGallery eael-fg-hoverer-content-align-left elementor-widget elementor-widget-eael-filterable-gallery\" data-id=\"b330e81\" data-element_type=\"widget\" data-settings=\"{&quot;photo_gallery&quot;:&quot;yes&quot;,&quot;pagination&quot;:&quot;false&quot;}\" data-widget_type=\"eael-filterable-gallery.default\">\n\t\t\t\t<div class=\"elementor-widget-container\">\n\t\t\t<style id=\"eael-fg-inline-css-b330e81\">@media only screen and (max-width: 2399px) {\n\t\t\t\t\t.elementor-element.elementor-element-b330e81 .eael-filterable-gallery-item-wrap {\n\t\t\t\t\t        width: 50%;\n\t\t\t\t\t    }\n\t\t\t\t\t}@media only screen and (max-width: 1024px) {\n\t\t\t\t\t.elementor-element.elementor-element-b330e81  .eael-filterable-gallery-item-wrap {\n\t\t\t\t\t        width: 50%;\n\t\t\t\t\t    }\n\t\t\t\t\t}@media only screen and (max-width: 767px) {\n\t\t\t\t\t.elementor-element.elementor-element-b330e81  .eael-filterable-gallery-item-wrap {\n\t\t\t\t\t        width: 100%;\n\t\t\t\t\t    }\n\t\t\t\t\t}<\/style>        <div id=\"eael-filter-gallery-wrapper-b330e81\" class=\"eael-filter-gallery-wrapper\" data-layout-mode=\"hoverer\" data-mfp_caption=\"\" data-breakpoints=\"{&quot;mobile&quot;:{&quot;label&quot;:&quot;Mobile Portrait&quot;,&quot;value&quot;:767,&quot;default_value&quot;:767,&quot;direction&quot;:&quot;max&quot;,&quot;is_enabled&quot;:true},&quot;mobile_extra&quot;:{&quot;label&quot;:&quot;Mobile Landscape&quot;,&quot;value&quot;:880,&quot;default_value&quot;:880,&quot;direction&quot;:&quot;max&quot;,&quot;is_enabled&quot;:false},&quot;tablet&quot;:{&quot;label&quot;:&quot;Tablet Portrait&quot;,&quot;value&quot;:1024,&quot;default_value&quot;:1024,&quot;direction&quot;:&quot;max&quot;,&quot;is_enabled&quot;:true},&quot;tablet_extra&quot;:{&quot;label&quot;:&quot;Tablet Landscape&quot;,&quot;value&quot;:1200,&quot;default_value&quot;:1200,&quot;direction&quot;:&quot;max&quot;,&quot;is_enabled&quot;:false},&quot;laptop&quot;:{&quot;label&quot;:&quot;Laptop&quot;,&quot;value&quot;:1366,&quot;default_value&quot;:1366,&quot;direction&quot;:&quot;max&quot;,&quot;is_enabled&quot;:false},&quot;widescreen&quot;:{&quot;label&quot;:&quot;Widescreen&quot;,&quot;value&quot;:2400,&quot;default_value&quot;:2400,&quot;direction&quot;:&quot;min&quot;,&quot;is_enabled&quot;:false}}\" data-default_control_key=\"0\" data-custom_default_control=\"\">\n\n                        <div class=\"eael-filter-gallery-control\">\n                <ul><li data-load-more-status=\"0\" data-first-init=\"1\" class=\"control all-control  active \" data-filter=\"*\">All Galleries<\/li><li  data-load-more-status=\"0\" data-first-init=\"0\"\n                        class=\"control \" data-filter=\".eael-cf-on-stage\">On stage<\/li><li  data-load-more-status=\"0\" data-first-init=\"0\"\n                        class=\"control \" data-filter=\".eael-cf-portraits\">Portraits<\/li><\/ul>\n            <\/div>\n            \n            <div class=\"eael-filter-gallery-container eael-filter-gallery-grid\" data-images-per-page=\"\" data-total-gallery-items=\"19\" data-nomore-item-text=\"\" data-settings=\"{&quot;grid_style&quot;:&quot;grid&quot;,&quot;popup&quot;:&quot;buttons&quot;,&quot;duration&quot;:500,&quot;gallery_enabled&quot;:&quot;yes&quot;,&quot;video_gallery_yt_privacy&quot;:&quot;&quot;,&quot;control_all_text&quot;:&quot;All Galleries&quot;,&quot;post_id&quot;:9946,&quot;widget_id&quot;:&quot;b330e81&quot;}\" data-search-all=\"\" data-gallery-items=\"[&quot;\\u003Cdiv class=\\u0022eael-filterable-gallery-item-wrap eael-cf-on-stage\\u0022\\u003E\\n\\t\\t\\t\\t\\u003Cdiv class=\\u0022eael-gallery-grid-item\\u0022\\u003E\\u003Cdiv class=\\u0022gallery-item-thumbnail-wrap\\u0022\\u003E\\u003Cimg src=\\u0022https:\\\/\\\/www.sophieleleu.com\\\/wp-content\\\/uploads\\\/2026\\\/01\\\/Capture-decran-2026-01-20-a-09.10.37.jpg\\u0022 data-lazy-src=\\u0022https:\\\/\\\/www.sophieleleu.com\\\/wp-content\\\/uploads\\\/2026\\\/01\\\/Capture-decran-2026-01-20-a-09.10.37.jpg\\u0022 alt=\\u0022\\u0022 class=\\u0022gallery-item-thumbnail\\u0022\\u003E\\u003C\\\/div\\u003E\\u003Cdiv class=\\u0022gallery-item-caption-wrap caption-style-hoverer eael-slide-up\\u0022\\u003E\\u003Cdiv class=\\u0022gallery-item-hoverer-bg\\u0022\\u003E\\u003C\\\/div\\u003E\\u003Cdiv class=\\u0022gallery-item-caption-over\\u0022\\u003E\\u003Ch5 class=\\u0022fg-item-title\\u0022\\u003EPrima Materia \\\/ Instant Donn\u00e9 \\u003C\\\/h5\\u003E\\u003Cdiv class=\\u0022fg-item-content\\u0022\\u003E\\u003Cp\\u003ECreation CRR Cr\u00e9teil\\u003C\\\/p\\u003E\\n\\u003C\\\/div\\u003E\\u003Cdiv class=\\u0022gallery-item-buttons\\u0022\\u003E                \\u003Ca href=\\u0022https:\\\/\\\/www.sophieleleu.com\\\/compositrice\\\/photos\\\/tout-est-un-orchestre-crr-creteil\\\/\\u0022 aria-label=\\u0022eael-item-maybe-link\\u0022\\u003E \\u003Cspan class=\\u0022fg-item-icon-inner\\u0022\\u003E\\u003Ci class=\\u0022\\u0022 aria-hidden=\\u0022true\\u0022\\u003E\\u003C\\\/i\\u003E\\u003C\\\/span\\u003E\\u003C\\\/a\\u003E\\u003C\\\/div\\u003E\\u003C\\\/div\\u003E\\u003C\\\/div\\u003E\\u003C\\\/div\\u003E\\u003C\\\/div\\u003E&quot;,&quot;\\u003Cdiv class=\\u0022eael-filterable-gallery-item-wrap eael-cf-on-stage\\u0022\\u003E\\n\\t\\t\\t\\t\\u003Cdiv class=\\u0022eael-gallery-grid-item\\u0022\\u003E\\u003Cdiv class=\\u0022gallery-item-thumbnail-wrap\\u0022\\u003E\\u003Cimg src=\\u0022https:\\\/\\\/www.sophieleleu.com\\\/wp-content\\\/uploads\\\/2026\\\/01\\\/Capture-decran-2026-01-20-a-08.50.55.jpg\\u0022 data-lazy-src=\\u0022https:\\\/\\\/www.sophieleleu.com\\\/wp-content\\\/uploads\\\/2026\\\/01\\\/Capture-decran-2026-01-20-a-08.50.55.jpg\\u0022 alt=\\u0022\\u0022 class=\\u0022gallery-item-thumbnail\\u0022\\u003E\\u003C\\\/div\\u003E\\u003Cdiv class=\\u0022gallery-item-caption-wrap caption-style-hoverer eael-slide-up\\u0022\\u003E\\u003Cdiv class=\\u0022gallery-item-hoverer-bg\\u0022\\u003E\\u003C\\\/div\\u003E\\u003Cdiv class=\\u0022gallery-item-caption-over\\u0022\\u003E\\u003Ch5 class=\\u0022fg-item-title\\u0022\\u003EAutre Terre \\\/ Instant Donn\u00e9\\u003C\\\/h5\\u003E\\u003Cdiv class=\\u0022fg-item-content\\u0022\\u003E\\u003Cp\\u003ECreation CRR Cr\u00e9teil\\u003C\\\/p\\u003E\\n\\u003C\\\/div\\u003E\\u003Cdiv class=\\u0022gallery-item-buttons\\u0022\\u003E                \\u003Ca href=\\u0022https:\\\/\\\/www.sophieleleu.com\\\/compositrice\\\/photos\\\/autre-terre-instant-donne\\\/\\u0022 aria-label=\\u0022eael-item-maybe-link\\u0022\\u003E \\u003Cspan class=\\u0022fg-item-icon-inner\\u0022\\u003E\\u003Ci class=\\u0022\\u0022 aria-hidden=\\u0022true\\u0022\\u003E\\u003C\\\/i\\u003E\\u003C\\\/span\\u003E\\u003C\\\/a\\u003E\\u003C\\\/div\\u003E\\u003C\\\/div\\u003E\\u003C\\\/div\\u003E\\u003C\\\/div\\u003E\\u003C\\\/div\\u003E&quot;,&quot;\\u003Cdiv class=\\u0022eael-filterable-gallery-item-wrap eael-cf-on-stage\\u0022\\u003E\\n\\t\\t\\t\\t\\u003Cdiv class=\\u0022eael-gallery-grid-item\\u0022\\u003E\\u003Cdiv class=\\u0022gallery-item-thumbnail-wrap\\u0022\\u003E\\u003Cimg src=\\u0022https:\\\/\\\/www.sophieleleu.com\\\/wp-content\\\/uploads\\\/2024\\\/11\\\/Prima-Materia-Affiche-1.png\\u0022 data-lazy-src=\\u0022https:\\\/\\\/www.sophieleleu.com\\\/wp-content\\\/uploads\\\/2024\\\/11\\\/Prima-Materia-Affiche-1.png\\u0022 alt=\\u0022\\u0022 class=\\u0022gallery-item-thumbnail\\u0022\\u003E\\u003C\\\/div\\u003E\\u003Cdiv class=\\u0022gallery-item-caption-wrap caption-style-hoverer eael-slide-up\\u0022\\u003E\\u003Cdiv class=\\u0022gallery-item-hoverer-bg\\u0022\\u003E\\u003C\\\/div\\u003E\\u003Cdiv class=\\u0022gallery-item-caption-over\\u0022\\u003E\\u003Ch5 class=\\u0022fg-item-title\\u0022\\u003EPrima Materia \\\/ Instant Donn\u00e9\\u003C\\\/h5\\u003E\\u003Cdiv class=\\u0022fg-item-content\\u0022\\u003E\\u003Cp\\u003ECreation CRR Cr\u00e9teil\\u003C\\\/p\\u003E\\n\\u003C\\\/div\\u003E\\u003Cdiv class=\\u0022gallery-item-buttons\\u0022\\u003E                \\u003Ca href=\\u0022https:\\\/\\\/www.sophieleleu.com\\\/compositrice\\\/photos\\\/Prima-materia\\u0022 aria-label=\\u0022eael-item-maybe-link\\u0022\\u003E \\u003Cspan class=\\u0022fg-item-icon-inner\\u0022\\u003E\\u003Ci class=\\u0022\\u0022 aria-hidden=\\u0022true\\u0022\\u003E\\u003C\\\/i\\u003E\\u003C\\\/span\\u003E\\u003C\\\/a\\u003E\\u003C\\\/div\\u003E\\u003C\\\/div\\u003E\\u003C\\\/div\\u003E\\u003C\\\/div\\u003E\\u003C\\\/div\\u003E&quot;,&quot;\\u003Cdiv class=\\u0022eael-filterable-gallery-item-wrap eael-cf-on-stage\\u0022\\u003E\\n\\t\\t\\t\\t\\u003Cdiv class=\\u0022eael-gallery-grid-item\\u0022\\u003E\\u003Cdiv class=\\u0022gallery-item-thumbnail-wrap\\u0022\\u003E\\u003Cimg src=\\u0022https:\\\/\\\/www.sophieleleu.com\\\/wp-content\\\/uploads\\\/2024\\\/10\\\/DSC_6871p-1.jpg\\u0022 data-lazy-src=\\u0022https:\\\/\\\/www.sophieleleu.com\\\/wp-content\\\/uploads\\\/2024\\\/10\\\/DSC_6871p-1.jpg\\u0022 alt=\\u0022\\u0022 class=\\u0022gallery-item-thumbnail\\u0022\\u003E\\u003C\\\/div\\u003E\\u003Cdiv class=\\u0022gallery-item-caption-wrap caption-style-hoverer eael-slide-up\\u0022\\u003E\\u003Cdiv class=\\u0022gallery-item-hoverer-bg\\u0022\\u003E\\u003C\\\/div\\u003E\\u003Cdiv class=\\u0022gallery-item-caption-over\\u0022\\u003E\\u003Ch5 class=\\u0022fg-item-title\\u0022\\u003EVision \\\/ Ars Nova Ensemble  \\u003C\\\/h5\\u003E\\u003Cdiv class=\\u0022fg-item-content\\u0022\\u003E\\u003Cp\\u003ERoyan-Orgues Festival\\u003C\\\/p\\u003E\\n\\u003C\\\/div\\u003E\\u003Cdiv class=\\u0022gallery-item-buttons\\u0022\\u003E                \\u003Ca href=\\u0022https:\\\/\\\/www.sophieleleu.com\\\/compositrice\\\/photos\\\/vision-ensemble-ars-nova\\\/\\u0022 aria-label=\\u0022eael-item-maybe-link\\u0022\\u003E \\u003Cspan class=\\u0022fg-item-icon-inner\\u0022\\u003E\\u003Ci class=\\u0022\\u0022 aria-hidden=\\u0022true\\u0022\\u003E\\u003C\\\/i\\u003E\\u003C\\\/span\\u003E\\u003C\\\/a\\u003E\\u003C\\\/div\\u003E\\u003C\\\/div\\u003E\\u003C\\\/div\\u003E\\u003C\\\/div\\u003E\\u003C\\\/div\\u003E&quot;,&quot;\\u003Cdiv class=\\u0022eael-filterable-gallery-item-wrap eael-cf-on-stage\\u0022\\u003E\\n\\t\\t\\t\\t\\u003Cdiv class=\\u0022eael-gallery-grid-item\\u0022\\u003E\\u003Cdiv class=\\u0022gallery-item-thumbnail-wrap\\u0022\\u003E\\u003Cimg src=\\u0022https:\\\/\\\/www.sophieleleu.com\\\/wp-content\\\/uploads\\\/2025\\\/09\\\/Golem-01-03-25-SImon-Gosselin-SD-51-1.jpg\\u0022 data-lazy-src=\\u0022https:\\\/\\\/www.sophieleleu.com\\\/wp-content\\\/uploads\\\/2025\\\/09\\\/Golem-01-03-25-SImon-Gosselin-SD-51-1.jpg\\u0022 alt=\\u0022\\u0022 class=\\u0022gallery-item-thumbnail\\u0022\\u003E\\u003C\\\/div\\u003E\\u003Cdiv class=\\u0022gallery-item-caption-wrap caption-style-hoverer eael-slide-up\\u0022\\u003E\\u003Cdiv class=\\u0022gallery-item-hoverer-bg\\u0022\\u003E\\u003C\\\/div\\u003E\\u003Cdiv class=\\u0022gallery-item-caption-over\\u0022\\u003E\\u003Ch5 class=\\u0022fg-item-title\\u0022\\u003EGolem \\\/ Amos Gita\u00ef\\u003C\\\/h5\\u003E\\u003Cdiv class=\\u0022fg-item-content\\u0022\\u003E\\u003Cp\\u003EStage Music \\\/ Th\u00e9\u00e2tre National Colline\\u003C\\\/p\\u003E\\n\\u003C\\\/div\\u003E\\u003Cdiv class=\\u0022gallery-item-buttons\\u0022\\u003E                \\u003Ca href=\\u0022https:\\\/\\\/www.sophieleleu.com\\\/mezzo-soprano\\\/photos\\\/golem-amos-gitai\\\/\\u0022 aria-label=\\u0022eael-item-maybe-link\\u0022\\u003E \\u003Cspan class=\\u0022fg-item-icon-inner\\u0022\\u003E\\u003Ci class=\\u0022\\u0022 aria-hidden=\\u0022true\\u0022\\u003E\\u003C\\\/i\\u003E\\u003C\\\/span\\u003E\\u003C\\\/a\\u003E\\u003C\\\/div\\u003E\\u003C\\\/div\\u003E\\u003C\\\/div\\u003E\\u003C\\\/div\\u003E\\u003C\\\/div\\u003E&quot;,&quot;\\u003Cdiv class=\\u0022eael-filterable-gallery-item-wrap eael-cf-on-stage\\u0022\\u003E\\n\\t\\t\\t\\t\\u003Cdiv class=\\u0022eael-gallery-grid-item\\u0022\\u003E\\u003Cdiv class=\\u0022gallery-item-thumbnail-wrap\\u0022\\u003E\\u003Cimg src=\\u0022https:\\\/\\\/www.sophieleleu.com\\\/wp-content\\\/uploads\\\/2024\\\/01\\\/338181446_1249590082627544_7048628500958541514_n.jpg\\u0022 data-lazy-src=\\u0022https:\\\/\\\/www.sophieleleu.com\\\/wp-content\\\/uploads\\\/2024\\\/01\\\/338181446_1249590082627544_7048628500958541514_n.jpg\\u0022 alt=\\u0022\\u0022 class=\\u0022gallery-item-thumbnail\\u0022\\u003E\\u003C\\\/div\\u003E\\u003Cdiv class=\\u0022gallery-item-caption-wrap caption-style-hoverer eael-slide-up\\u0022\\u003E\\u003Cdiv class=\\u0022gallery-item-hoverer-bg\\u0022\\u003E\\u003C\\\/div\\u003E\\u003Cdiv class=\\u0022gallery-item-caption-over\\u0022\\u003E\\u003Ch5 class=\\u0022fg-item-title\\u0022\\u003ESur l\\u0027\u00e9toffe de mon \u00e2me \\\/ Ars Nova\\u003C\\\/h5\\u003E\\u003Cdiv class=\\u0022fg-item-content\\u0022\\u003E\\u003Cp\\u003EResidence \\\/ Saint-Palais sur Mer\\u003C\\\/p\\u003E\\n\\u003C\\\/div\\u003E\\u003Cdiv class=\\u0022gallery-item-buttons\\u0022\\u003E                \\u003Ca href=\\u0022https:\\\/\\\/www.sophieleleu.com\\\/compositrice\\\/photos\\\/residence-ars-nova\\\/\\u0022 aria-label=\\u0022eael-item-maybe-link\\u0022\\u003E \\u003Cspan class=\\u0022fg-item-icon-inner\\u0022\\u003E\\u003Ci class=\\u0022\\u0022 aria-hidden=\\u0022true\\u0022\\u003E\\u003C\\\/i\\u003E\\u003C\\\/span\\u003E\\u003C\\\/a\\u003E\\u003C\\\/div\\u003E\\u003C\\\/div\\u003E\\u003C\\\/div\\u003E\\u003C\\\/div\\u003E\\u003C\\\/div\\u003E&quot;,&quot;\\u003Cdiv class=\\u0022eael-filterable-gallery-item-wrap eael-cf-on-stage\\u0022\\u003E\\n\\t\\t\\t\\t\\u003Cdiv class=\\u0022eael-gallery-grid-item\\u0022\\u003E\\u003Cdiv class=\\u0022gallery-item-thumbnail-wrap\\u0022\\u003E\\u003Cimg src=\\u0022https:\\\/\\\/www.sophieleleu.com\\\/wp-content\\\/uploads\\\/2024\\\/01\\\/352219317_798249138403583_8175549950474358467_n-1.jpg\\u0022 data-lazy-src=\\u0022https:\\\/\\\/www.sophieleleu.com\\\/wp-content\\\/uploads\\\/2024\\\/01\\\/352219317_798249138403583_8175549950474358467_n-1.jpg\\u0022 alt=\\u0022\\u0022 class=\\u0022gallery-item-thumbnail\\u0022\\u003E\\u003C\\\/div\\u003E\\u003Cdiv class=\\u0022gallery-item-caption-wrap caption-style-hoverer eael-slide-up\\u0022\\u003E\\u003Cdiv class=\\u0022gallery-item-hoverer-bg\\u0022\\u003E\\u003C\\\/div\\u003E\\u003Cdiv class=\\u0022gallery-item-caption-over\\u0022\\u003E\\u003Ch5 class=\\u0022fg-item-title\\u0022\\u003ELa chambre secr\u00e8te \\\/ 2E2M\\u003C\\\/h5\\u003E\\u003Cdiv class=\\u0022fg-item-content\\u0022\\u003E\\u003Cp\\u003ECRR Aubervilliers\\u003C\\\/p\\u003E\\n\\u003C\\\/div\\u003E\\u003Cdiv class=\\u0022gallery-item-buttons\\u0022\\u003E                \\u003Ca href=\\u0022https:\\\/\\\/www.sophieleleu.com\\\/compositrice\\\/photos\\\/la-chambre-secrete-2e2m\\\/\\u0022 aria-label=\\u0022eael-item-maybe-link\\u0022\\u003E \\u003Cspan class=\\u0022fg-item-icon-inner\\u0022\\u003E\\u003Ci class=\\u0022\\u0022 aria-hidden=\\u0022true\\u0022\\u003E\\u003C\\\/i\\u003E\\u003C\\\/span\\u003E\\u003C\\\/a\\u003E\\u003C\\\/div\\u003E\\u003C\\\/div\\u003E\\u003C\\\/div\\u003E\\u003C\\\/div\\u003E\\u003C\\\/div\\u003E&quot;,&quot;\\u003Cdiv class=\\u0022eael-filterable-gallery-item-wrap eael-cf-on-stage\\u0022\\u003E\\n\\t\\t\\t\\t\\u003Cdiv class=\\u0022eael-gallery-grid-item\\u0022\\u003E\\u003Cdiv class=\\u0022gallery-item-thumbnail-wrap\\u0022\\u003E\\u003Cimg src=\\u0022https:\\\/\\\/www.sophieleleu.com\\\/wp-content\\\/uploads\\\/2024\\\/01\\\/Capture-decran-2023-03-12-a-10.18.53-1.png\\u0022 data-lazy-src=\\u0022https:\\\/\\\/www.sophieleleu.com\\\/wp-content\\\/uploads\\\/2024\\\/01\\\/Capture-decran-2023-03-12-a-10.18.53-1.png\\u0022 alt=\\u0022\\u0022 class=\\u0022gallery-item-thumbnail\\u0022\\u003E\\u003C\\\/div\\u003E\\u003Cdiv class=\\u0022gallery-item-caption-wrap caption-style-hoverer eael-slide-up\\u0022\\u003E\\u003Cdiv class=\\u0022gallery-item-hoverer-bg\\u0022\\u003E\\u003C\\\/div\\u003E\\u003Cdiv class=\\u0022gallery-item-caption-over\\u0022\\u003E\\u003Ch5 class=\\u0022fg-item-title\\u0022\\u003ESolstice \\\/ Multilaterale ensemble\\u003C\\\/h5\\u003E\\u003Cdiv class=\\u0022fg-item-content\\u0022\\u003E\\u003Cp\\u003EPhilharmonie de Paris\\u003C\\\/p\\u003E\\n\\u003C\\\/div\\u003E\\u003Cdiv class=\\u0022gallery-item-buttons\\u0022\\u003E                \\u003Ca href=\\u0022http:\\\/\\\/sophieleleu.com\\\/compositrice\\\/photos\\\/solstice-multilateral\\\/\\u0022 aria-label=\\u0022eael-item-maybe-link\\u0022\\u003E \\u003Cspan class=\\u0022fg-item-icon-inner\\u0022\\u003E\\u003Ci class=\\u0022\\u0022 aria-hidden=\\u0022true\\u0022\\u003E\\u003C\\\/i\\u003E\\u003C\\\/span\\u003E\\u003C\\\/a\\u003E\\u003C\\\/div\\u003E\\u003C\\\/div\\u003E\\u003C\\\/div\\u003E\\u003C\\\/div\\u003E\\u003C\\\/div\\u003E&quot;,&quot;\\u003Cdiv class=\\u0022eael-filterable-gallery-item-wrap eael-cf-on-stage\\u0022\\u003E\\n\\t\\t\\t\\t\\u003Cdiv class=\\u0022eael-gallery-grid-item\\u0022\\u003E\\u003Cdiv class=\\u0022gallery-item-thumbnail-wrap\\u0022\\u003E\\u003Cimg src=\\u0022https:\\\/\\\/www.sophieleleu.com\\\/wp-content\\\/uploads\\\/2024\\\/01\\\/Capture-decran-2024-01-13-a-13.17.54.png\\u0022 data-lazy-src=\\u0022https:\\\/\\\/www.sophieleleu.com\\\/wp-content\\\/uploads\\\/2024\\\/01\\\/Capture-decran-2024-01-13-a-13.17.54.png\\u0022 alt=\\u0022\\u0022 class=\\u0022gallery-item-thumbnail\\u0022\\u003E\\u003C\\\/div\\u003E\\u003Cdiv class=\\u0022gallery-item-caption-wrap caption-style-hoverer eael-slide-up\\u0022\\u003E\\u003Cdiv class=\\u0022gallery-item-hoverer-bg\\u0022\\u003E\\u003C\\\/div\\u003E\\u003Cdiv class=\\u0022gallery-item-caption-over\\u0022\\u003E\\u003Ch5 class=\\u0022fg-item-title\\u0022\\u003EHeureux celui qui n\\u0027a pas de patrie \\\/ Accroche Note\\u003C\\\/h5\\u003E\\u003Cdiv class=\\u0022fg-item-content\\u0022\\u003E\\u003Cp\\u003ECRR d\\u0027Aubervilliers\\u003C\\\/p\\u003E\\n\\u003C\\\/div\\u003E\\u003Cdiv class=\\u0022gallery-item-buttons\\u0022\\u003E\\u003Ca aria-label=\\u0022eael-magnific-link\\u0022 href=\\u0022https:\\\/\\\/www.sophieleleu.com\\\/wp-content\\\/uploads\\\/2024\\\/01\\\/Capture-decran-2024-01-13-a-13.17.54.png\\u0022 class=\\u0022eael-magnific-link eael-magnific-link-clone active\\u0022 data-elementor-open-lightbox=\\u0022no\\u0022\\u003E\\u003Cspan class=\\u0022fg-item-icon-inner\\u0022\\u003E\\u003Ci class=\\u0022\\u0022 aria-hidden=\\u0022true\\u0022\\u003E\\u003C\\\/i\\u003E\\u003C\\\/span\\u003E\\n            \\u003C\\\/a\\u003E                \\u003Ca href=\\u0022http:\\\/\\\/sophieleleu.com\\\/compositrice\\\/photos\\\/heureux-celui-ci-na-patrie-accroche-note\\\/\\u0022 aria-label=\\u0022eael-item-maybe-link\\u0022\\u003E \\u003Cspan class=\\u0022fg-item-icon-inner\\u0022\\u003E\\u003Ci class=\\u0022\\u0022 aria-hidden=\\u0022true\\u0022\\u003E\\u003C\\\/i\\u003E\\u003C\\\/span\\u003E\\u003C\\\/a\\u003E\\u003C\\\/div\\u003E\\u003C\\\/div\\u003E\\u003C\\\/div\\u003E\\u003C\\\/div\\u003E\\u003C\\\/div\\u003E&quot;,&quot;\\u003Cdiv class=\\u0022eael-filterable-gallery-item-wrap eael-cf-on-stage\\u0022\\u003E\\n\\t\\t\\t\\t\\u003Cdiv class=\\u0022eael-gallery-grid-item\\u0022\\u003E\\u003Cdiv class=\\u0022gallery-item-thumbnail-wrap\\u0022\\u003E\\u003Cimg src=\\u0022https:\\\/\\\/www.sophieleleu.com\\\/wp-content\\\/uploads\\\/2024\\\/01\\\/Capture-decran-2024-01-13-a-13.15.52.png\\u0022 data-lazy-src=\\u0022https:\\\/\\\/www.sophieleleu.com\\\/wp-content\\\/uploads\\\/2024\\\/01\\\/Capture-decran-2024-01-13-a-13.15.52.png\\u0022 alt=\\u0022\\u0022 class=\\u0022gallery-item-thumbnail\\u0022\\u003E\\u003C\\\/div\\u003E\\u003Cdiv class=\\u0022gallery-item-caption-wrap caption-style-hoverer eael-slide-up\\u0022\\u003E\\u003Cdiv class=\\u0022gallery-item-hoverer-bg\\u0022\\u003E\\u003C\\\/div\\u003E\\u003Cdiv class=\\u0022gallery-item-caption-over\\u0022\\u003E\\u003Ch5 class=\\u0022fg-item-title\\u0022\\u003EOde \u00e0 la terre \\\/ Court-Circuit Ensemble\\u003C\\\/h5\\u003E\\u003Cdiv class=\\u0022fg-item-content\\u0022\\u003E\\u003Cp\\u003ECRR d\\u0027Aubervilliers\\u003C\\\/p\\u003E\\n\\u003C\\\/div\\u003E\\u003Cdiv class=\\u0022gallery-item-buttons\\u0022\\u003E                \\u003Ca href=\\u0022http:\\\/\\\/sophieleleu.com\\\/compositrice\\\/photos\\\/ode-a-la-terre-court-circuit\\\/\\u0022 aria-label=\\u0022eael-item-maybe-link\\u0022\\u003E \\u003Cspan class=\\u0022fg-item-icon-inner\\u0022\\u003E\\u003Ci class=\\u0022\\u0022 aria-hidden=\\u0022true\\u0022\\u003E\\u003C\\\/i\\u003E\\u003C\\\/span\\u003E\\u003C\\\/a\\u003E\\u003C\\\/div\\u003E\\u003C\\\/div\\u003E\\u003C\\\/div\\u003E\\u003C\\\/div\\u003E\\u003C\\\/div\\u003E&quot;,&quot;\\u003Cdiv class=\\u0022eael-filterable-gallery-item-wrap eael-cf-on-stage\\u0022\\u003E\\n\\t\\t\\t\\t\\u003Cdiv class=\\u0022eael-gallery-grid-item\\u0022\\u003E\\u003Cdiv class=\\u0022gallery-item-thumbnail-wrap\\u0022\\u003E\\u003Cimg src=\\u0022https:\\\/\\\/www.sophieleleu.com\\\/wp-content\\\/uploads\\\/2024\\\/01\\\/150715414_10224903310548494_6170080407280128718_n-1.jpg\\u0022 data-lazy-src=\\u0022https:\\\/\\\/www.sophieleleu.com\\\/wp-content\\\/uploads\\\/2024\\\/01\\\/150715414_10224903310548494_6170080407280128718_n-1.jpg\\u0022 alt=\\u0022\\u0022 class=\\u0022gallery-item-thumbnail\\u0022\\u003E\\u003C\\\/div\\u003E\\u003Cdiv class=\\u0022gallery-item-caption-wrap caption-style-hoverer eael-slide-up\\u0022\\u003E\\u003Cdiv class=\\u0022gallery-item-hoverer-bg\\u0022\\u003E\\u003C\\\/div\\u003E\\u003Cdiv class=\\u0022gallery-item-caption-over\\u0022\\u003E\\u003Ch5 class=\\u0022fg-item-title\\u0022\\u003ESouffle \\\/ Philippe R\u00e9card \\u003C\\\/h5\\u003E\\u003Cdiv class=\\u0022fg-item-content\\u0022\\u003E\\u003Cp\\u003EPi\u00e8ce Mixte \\\/ CRR d\\u0027Aubervilliers\\u003C\\\/p\\u003E\\n\\u003C\\\/div\\u003E\\u003Cdiv class=\\u0022gallery-item-buttons\\u0022\\u003E                \\u003Ca href=\\u0022http:\\\/\\\/sophieleleu.com\\\/compositrice\\\/photos\\\/souffle-piece-mixte\\\/\\u0022 aria-label=\\u0022eael-item-maybe-link\\u0022\\u003E \\u003Cspan class=\\u0022fg-item-icon-inner\\u0022\\u003E\\u003Ci class=\\u0022\\u0022 aria-hidden=\\u0022true\\u0022\\u003E\\u003C\\\/i\\u003E\\u003C\\\/span\\u003E\\u003C\\\/a\\u003E\\u003C\\\/div\\u003E\\u003C\\\/div\\u003E\\u003C\\\/div\\u003E\\u003C\\\/div\\u003E\\u003C\\\/div\\u003E&quot;,&quot;\\u003Cdiv class=\\u0022eael-filterable-gallery-item-wrap eael-cf-on-stage\\u0022\\u003E\\n\\t\\t\\t\\t\\u003Cdiv class=\\u0022eael-gallery-grid-item\\u0022\\u003E\\u003Cdiv class=\\u0022gallery-item-thumbnail-wrap\\u0022\\u003E\\u003Cimg src=\\u0022https:\\\/\\\/www.sophieleleu.com\\\/wp-content\\\/uploads\\\/2024\\\/01\\\/89084154_10221750641213731_4816352742068977664_n.jpg\\u0022 data-lazy-src=\\u0022https:\\\/\\\/www.sophieleleu.com\\\/wp-content\\\/uploads\\\/2024\\\/01\\\/89084154_10221750641213731_4816352742068977664_n.jpg\\u0022 alt=\\u0022\\u0022 class=\\u0022gallery-item-thumbnail\\u0022\\u003E\\u003C\\\/div\\u003E\\u003Cdiv class=\\u0022gallery-item-caption-wrap caption-style-hoverer eael-slide-up\\u0022\\u003E\\u003Cdiv class=\\u0022gallery-item-hoverer-bg\\u0022\\u003E\\u003C\\\/div\\u003E\\u003Cdiv class=\\u0022gallery-item-caption-over\\u0022\\u003E\\u003Ch5 class=\\u0022fg-item-title\\u0022\\u003EEn-Vie \\\/ Les Femmes Sauvages\\u003C\\\/h5\\u003E\\u003Cdiv class=\\u0022fg-item-content\\u0022\\u003E\\u003Cp\\u003EFerme du Buisson - Sc\u00e8ne Nationale\\u003C\\\/p\\u003E\\n\\u003C\\\/div\\u003E\\u003Cdiv class=\\u0022gallery-item-buttons\\u0022\\u003E                \\u003Ca href=\\u0022http:\\\/\\\/sophieleleu.com\\\/compositrice\\\/photos\\\/en-vie-les-femmes-sauvages\\\/\\u0022 aria-label=\\u0022eael-item-maybe-link\\u0022\\u003E \\u003Cspan class=\\u0022fg-item-icon-inner\\u0022\\u003E\\u003Ci class=\\u0022\\u0022 aria-hidden=\\u0022true\\u0022\\u003E\\u003C\\\/i\\u003E\\u003C\\\/span\\u003E\\u003C\\\/a\\u003E\\u003C\\\/div\\u003E\\u003C\\\/div\\u003E\\u003C\\\/div\\u003E\\u003C\\\/div\\u003E\\u003C\\\/div\\u003E&quot;,&quot;\\u003Cdiv class=\\u0022eael-filterable-gallery-item-wrap eael-cf-on-stage\\u0022\\u003E\\n\\t\\t\\t\\t\\u003Cdiv class=\\u0022eael-gallery-grid-item\\u0022\\u003E\\u003Cdiv class=\\u0022gallery-item-thumbnail-wrap\\u0022\\u003E\\u003Cimg src=\\u0022https:\\\/\\\/www.sophieleleu.com\\\/wp-content\\\/uploads\\\/2024\\\/01\\\/SOPHIE-LELEU-14-07_DSC5267-scaled.jpg\\u0022 data-lazy-src=\\u0022https:\\\/\\\/www.sophieleleu.com\\\/wp-content\\\/uploads\\\/2024\\\/01\\\/SOPHIE-LELEU-14-07_DSC5267-scaled.jpg\\u0022 alt=\\u0022\\u0022 class=\\u0022gallery-item-thumbnail\\u0022\\u003E\\u003C\\\/div\\u003E\\u003Cdiv class=\\u0022gallery-item-caption-wrap caption-style-hoverer eael-slide-up\\u0022\\u003E\\u003Cdiv class=\\u0022gallery-item-hoverer-bg\\u0022\\u003E\\u003C\\\/div\\u003E\\u003Cdiv class=\\u0022gallery-item-caption-over\\u0022\\u003E\\u003Ch5 class=\\u0022fg-item-title\\u0022\\u003EDe femmes en femmes \\u003C\\\/h5\\u003E\\u003Cdiv class=\\u0022fg-item-content\\u0022\\u003E\\u003Cp\\u003EOn tours\\u003C\\\/p\\u003E\\n\\u003C\\\/div\\u003E\\u003Cdiv class=\\u0022gallery-item-buttons\\u0022\\u003E                \\u003Ca href=\\u0022https:\\\/\\\/www.sophieleleu.com\\\/compositrice\\\/photos\\\/de-femmes-en-femmes-en-tournee\\\/\\u0022 aria-label=\\u0022eael-item-maybe-link\\u0022\\u003E \\u003Cspan class=\\u0022fg-item-icon-inner\\u0022\\u003E\\u003Ci class=\\u0022\\u0022 aria-hidden=\\u0022true\\u0022\\u003E\\u003C\\\/i\\u003E\\u003C\\\/span\\u003E\\u003C\\\/a\\u003E\\u003C\\\/div\\u003E\\u003C\\\/div\\u003E\\u003C\\\/div\\u003E\\u003C\\\/div\\u003E\\u003C\\\/div\\u003E&quot;,&quot;\\u003Cdiv class=\\u0022eael-filterable-gallery-item-wrap eael-cf-on-stage\\u0022\\u003E\\n\\t\\t\\t\\t\\u003Cdiv class=\\u0022eael-gallery-grid-item\\u0022\\u003E\\u003Cdiv class=\\u0022gallery-item-thumbnail-wrap\\u0022\\u003E\\u003Cimg src=\\u0022https:\\\/\\\/www.sophieleleu.com\\\/wp-content\\\/uploads\\\/2024\\\/01\\\/Capture-decran-2022-10-17-a-12.40.20.png\\u0022 data-lazy-src=\\u0022https:\\\/\\\/www.sophieleleu.com\\\/wp-content\\\/uploads\\\/2024\\\/01\\\/Capture-decran-2022-10-17-a-12.40.20.png\\u0022 alt=\\u0022\\u0022 class=\\u0022gallery-item-thumbnail\\u0022\\u003E\\u003C\\\/div\\u003E\\u003Cdiv class=\\u0022gallery-item-caption-wrap caption-style-hoverer eael-slide-up\\u0022\\u003E\\u003Cdiv class=\\u0022gallery-item-hoverer-bg\\u0022\\u003E\\u003C\\\/div\\u003E\\u003Cdiv class=\\u0022gallery-item-caption-over\\u0022\\u003E\\u003Ch5 class=\\u0022fg-item-title\\u0022\\u003EChemins secrets\\u003C\\\/h5\\u003E\\u003Cdiv class=\\u0022fg-item-content\\u0022\\u003E\\u003Cp\\u003EMaad in 93 Festival\\u003C\\\/p\\u003E\\n\\u003C\\\/div\\u003E\\u003Cdiv class=\\u0022gallery-item-buttons\\u0022\\u003E\\u003Ca aria-label=\\u0022eael-magnific-link\\u0022 href=\\u0022https:\\\/\\\/www.sophieleleu.com\\\/wp-content\\\/uploads\\\/2024\\\/01\\\/Capture-decran-2022-10-17-a-12.40.20.png\\u0022 class=\\u0022eael-magnific-link eael-magnific-link-clone active\\u0022 data-elementor-open-lightbox=\\u0022no\\u0022\\u003E\\u003Cspan class=\\u0022fg-item-icon-inner\\u0022\\u003E\\u003Ci class=\\u0022\\u0022 aria-hidden=\\u0022true\\u0022\\u003E\\u003C\\\/i\\u003E\\u003C\\\/span\\u003E\\n            \\u003C\\\/a\\u003E                \\u003Ca href=\\u0022http:\\\/\\\/sophieleleu.com\\\/compositrice\\\/photos\\\/les-chemins-secrets\\\/\\u0022 aria-label=\\u0022eael-item-maybe-link\\u0022\\u003E \\u003Cspan class=\\u0022fg-item-icon-inner\\u0022\\u003E\\u003Ci class=\\u0022\\u0022 aria-hidden=\\u0022true\\u0022\\u003E\\u003C\\\/i\\u003E\\u003C\\\/span\\u003E\\u003C\\\/a\\u003E\\u003C\\\/div\\u003E\\u003C\\\/div\\u003E\\u003C\\\/div\\u003E\\u003C\\\/div\\u003E\\u003C\\\/div\\u003E&quot;,&quot;\\u003Cdiv class=\\u0022eael-filterable-gallery-item-wrap eael-cf-on-stage\\u0022\\u003E\\n\\t\\t\\t\\t\\u003Cdiv class=\\u0022eael-gallery-grid-item\\u0022\\u003E\\u003Cdiv class=\\u0022gallery-item-thumbnail-wrap\\u0022\\u003E\\u003Cimg src=\\u0022https:\\\/\\\/www.sophieleleu.com\\\/wp-content\\\/uploads\\\/2024\\\/01\\\/Les-femmes-sauvages-\u00a9-Michel-Joly12-scaled.jpg\\u0022 data-lazy-src=\\u0022https:\\\/\\\/www.sophieleleu.com\\\/wp-content\\\/uploads\\\/2024\\\/01\\\/Les-femmes-sauvages-\u00a9-Michel-Joly12-scaled.jpg\\u0022 alt=\\u0022\\u0022 class=\\u0022gallery-item-thumbnail\\u0022\\u003E\\u003C\\\/div\\u003E\\u003Cdiv class=\\u0022gallery-item-caption-wrap caption-style-hoverer eael-slide-up\\u0022\\u003E\\u003Cdiv class=\\u0022gallery-item-hoverer-bg\\u0022\\u003E\\u003C\\\/div\\u003E\\u003Cdiv class=\\u0022gallery-item-caption-over\\u0022\\u003E\\u003Ch5 class=\\u0022fg-item-title\\u0022\\u003EChant d\\u0027une Amazone \\\/ Les Femmes Sauvages\\u003C\\\/h5\\u003E\\u003Cdiv class=\\u0022fg-item-content\\u0022\\u003E\\u003Cp\\u003EMichel Joly photos\\u003C\\\/p\\u003E\\n\\u003C\\\/div\\u003E\\u003Cdiv class=\\u0022gallery-item-buttons\\u0022\\u003E                \\u003Ca href=\\u0022http:\\\/\\\/sophieleleu.com\\\/compositrice\\\/photos\\\/chant-dune-amazone-les-femmes-sauvages\\\/\\u0022 aria-label=\\u0022eael-item-maybe-link\\u0022\\u003E \\u003Cspan class=\\u0022fg-item-icon-inner\\u0022\\u003E\\u003Ci class=\\u0022\\u0022 aria-hidden=\\u0022true\\u0022\\u003E\\u003C\\\/i\\u003E\\u003C\\\/span\\u003E\\u003C\\\/a\\u003E\\u003C\\\/div\\u003E\\u003C\\\/div\\u003E\\u003C\\\/div\\u003E\\u003C\\\/div\\u003E\\u003C\\\/div\\u003E&quot;,&quot;\\u003Cdiv class=\\u0022eael-filterable-gallery-item-wrap eael-cf-portraits\\u0022\\u003E\\n\\t\\t\\t\\t\\u003Cdiv class=\\u0022eael-gallery-grid-item\\u0022\\u003E\\u003Cdiv class=\\u0022gallery-item-thumbnail-wrap\\u0022\\u003E\\u003Cimg src=\\u0022https:\\\/\\\/www.sophieleleu.com\\\/wp-content\\\/uploads\\\/2024\\\/01\\\/IMG_0046_5.jpg\\u0022 data-lazy-src=\\u0022https:\\\/\\\/www.sophieleleu.com\\\/wp-content\\\/uploads\\\/2024\\\/01\\\/IMG_0046_5.jpg\\u0022 alt=\\u0022\\u0022 class=\\u0022gallery-item-thumbnail\\u0022\\u003E\\u003C\\\/div\\u003E\\u003Cdiv class=\\u0022gallery-item-caption-wrap caption-style-hoverer eael-slide-up\\u0022\\u003E\\u003Cdiv class=\\u0022gallery-item-hoverer-bg\\u0022\\u003E\\u003C\\\/div\\u003E\\u003Cdiv class=\\u0022gallery-item-caption-over\\u0022\\u003E\\u003Ch5 class=\\u0022fg-item-title\\u0022\\u003EDe femmes en femmes\\u003C\\\/h5\\u003E\\u003Cdiv class=\\u0022fg-item-content\\u0022\\u003E\\u003Cp\\u003ESelf-portraits\\u003C\\\/p\\u003E\\n\\u003C\\\/div\\u003E\\u003Cdiv class=\\u0022gallery-item-buttons\\u0022\\u003E                \\u003Ca href=\\u0022https:\\\/\\\/www.sophieleleu.com\\\/mezzo-soprano\\\/photos\\\/de-femmes-en-femmes\\\/\\u0022 aria-label=\\u0022eael-item-maybe-link\\u0022\\u003E \\u003Cspan class=\\u0022fg-item-icon-inner\\u0022\\u003E\\u003Ci class=\\u0022\\u0022 aria-hidden=\\u0022true\\u0022\\u003E\\u003C\\\/i\\u003E\\u003C\\\/span\\u003E\\u003C\\\/a\\u003E\\u003C\\\/div\\u003E\\u003C\\\/div\\u003E\\u003C\\\/div\\u003E\\u003C\\\/div\\u003E\\u003C\\\/div\\u003E&quot;,&quot;\\u003Cdiv class=\\u0022eael-filterable-gallery-item-wrap eael-cf-portraits\\u0022\\u003E\\n\\t\\t\\t\\t\\u003Cdiv class=\\u0022eael-gallery-grid-item\\u0022\\u003E\\u003Cdiv class=\\u0022gallery-item-thumbnail-wrap\\u0022\\u003E\\u003Cimg src=\\u0022https:\\\/\\\/www.sophieleleu.com\\\/wp-content\\\/uploads\\\/2024\\\/01\\\/Copie-de-20110616-Sophie-Leleu-MD-0002-1.jpg\\u0022 data-lazy-src=\\u0022https:\\\/\\\/www.sophieleleu.com\\\/wp-content\\\/uploads\\\/2024\\\/01\\\/Copie-de-20110616-Sophie-Leleu-MD-0002-1.jpg\\u0022 alt=\\u0022\\u0022 class=\\u0022gallery-item-thumbnail\\u0022\\u003E\\u003C\\\/div\\u003E\\u003Cdiv class=\\u0022gallery-item-caption-wrap caption-style-hoverer eael-slide-up\\u0022\\u003E\\u003Cdiv class=\\u0022gallery-item-hoverer-bg\\u0022\\u003E\\u003C\\\/div\\u003E\\u003Cdiv class=\\u0022gallery-item-caption-over\\u0022\\u003E\\u003Ch5 class=\\u0022fg-item-title\\u0022\\u003EClassics  \\u003C\\\/h5\\u003E\\u003Cdiv class=\\u0022fg-item-content\\u0022\\u003E\\u003Cp\\u003EPortraits\\u003C\\\/p\\u003E\\n\\u003C\\\/div\\u003E\\u003Cdiv class=\\u0022gallery-item-buttons\\u0022\\u003E                \\u003Ca href=\\u0022https:\\\/\\\/www.sophieleleu.com\\\/mezzo-soprano\\\/photos\\\/classiques\\\/\\u0022 aria-label=\\u0022eael-item-maybe-link\\u0022\\u003E \\u003Cspan class=\\u0022fg-item-icon-inner\\u0022\\u003E\\u003Ci class=\\u0022\\u0022 aria-hidden=\\u0022true\\u0022\\u003E\\u003C\\\/i\\u003E\\u003C\\\/span\\u003E\\u003C\\\/a\\u003E\\u003C\\\/div\\u003E\\u003C\\\/div\\u003E\\u003C\\\/div\\u003E\\u003C\\\/div\\u003E\\u003C\\\/div\\u003E&quot;,&quot;\\u003Cdiv class=\\u0022eael-filterable-gallery-item-wrap eael-cf-portraits\\u0022\\u003E\\n\\t\\t\\t\\t\\u003Cdiv class=\\u0022eael-gallery-grid-item\\u0022\\u003E\\u003Cdiv class=\\u0022gallery-item-thumbnail-wrap\\u0022\\u003E\\u003Cimg src=\\u0022https:\\\/\\\/www.sophieleleu.com\\\/wp-content\\\/uploads\\\/2024\\\/01\\\/271A1849-1-scaled.jpg\\u0022 data-lazy-src=\\u0022https:\\\/\\\/www.sophieleleu.com\\\/wp-content\\\/uploads\\\/2024\\\/01\\\/271A1849-1-scaled.jpg\\u0022 alt=\\u0022\\u0022 class=\\u0022gallery-item-thumbnail\\u0022\\u003E\\u003C\\\/div\\u003E\\u003Cdiv class=\\u0022gallery-item-caption-wrap caption-style-hoverer eael-slide-up\\u0022\\u003E\\u003Cdiv class=\\u0022gallery-item-hoverer-bg\\u0022\\u003E\\u003C\\\/div\\u003E\\u003Cdiv class=\\u0022gallery-item-caption-over\\u0022\\u003E\\u003Ch5 class=\\u0022fg-item-title\\u0022\\u003EIn the fields\\u003C\\\/h5\\u003E\\u003Cdiv class=\\u0022fg-item-content\\u0022\\u003E\\u003Cp\\u003EPortraits by Ralf Kleeman\\u003C\\\/p\\u003E\\n\\u003C\\\/div\\u003E\\u003Cdiv class=\\u0022gallery-item-buttons\\u0022\\u003E                \\u003Ca href=\\u0022https:\\\/\\\/www.sophieleleu.com\\\/mezzo-soprano\\\/photos\\\/dans-les-champs\\\/\\u0022 aria-label=\\u0022eael-item-maybe-link\\u0022\\u003E \\u003Cspan class=\\u0022fg-item-icon-inner\\u0022\\u003E\\u003Ci class=\\u0022\\u0022 aria-hidden=\\u0022true\\u0022\\u003E\\u003C\\\/i\\u003E\\u003C\\\/span\\u003E\\u003C\\\/a\\u003E\\u003C\\\/div\\u003E\\u003C\\\/div\\u003E\\u003C\\\/div\\u003E\\u003C\\\/div\\u003E\\u003C\\\/div\\u003E&quot;,&quot;\\u003Cdiv class=\\u0022eael-filterable-gallery-item-wrap eael-cf-portraits\\u0022\\u003E\\n\\t\\t\\t\\t\\u003Cdiv class=\\u0022eael-gallery-grid-item\\u0022\\u003E\\u003Cdiv class=\\u0022gallery-item-thumbnail-wrap\\u0022\\u003E\\u003Cimg src=\\u0022https:\\\/\\\/www.sophieleleu.com\\\/wp-content\\\/uploads\\\/2024\\\/01\\\/Chez-moi.jpg\\u0022 data-lazy-src=\\u0022https:\\\/\\\/www.sophieleleu.com\\\/wp-content\\\/uploads\\\/2024\\\/01\\\/Chez-moi.jpg\\u0022 alt=\\u0022\\u0022 class=\\u0022gallery-item-thumbnail\\u0022\\u003E\\u003C\\\/div\\u003E\\u003Cdiv class=\\u0022gallery-item-caption-wrap caption-style-hoverer eael-slide-up\\u0022\\u003E\\u003Cdiv class=\\u0022gallery-item-hoverer-bg\\u0022\\u003E\\u003C\\\/div\\u003E\\u003Cdiv class=\\u0022gallery-item-caption-over\\u0022\\u003E\\u003Ch5 class=\\u0022fg-item-title\\u0022\\u003EHarp portraits\\u003C\\\/h5\\u003E\\u003Cdiv class=\\u0022gallery-item-buttons\\u0022\\u003E                \\u003Ca href=\\u0022https:\\\/\\\/www.sophieleleu.com\\\/compositrice\\\/photos\\\/portraits-harpiste\\\/\\u0022 aria-label=\\u0022eael-item-maybe-link\\u0022\\u003E \\u003Cspan class=\\u0022fg-item-icon-inner\\u0022\\u003E\\u003Ci class=\\u0022\\u0022 aria-hidden=\\u0022true\\u0022\\u003E\\u003C\\\/i\\u003E\\u003C\\\/span\\u003E\\u003C\\\/a\\u003E\\u003C\\\/div\\u003E\\u003C\\\/div\\u003E\\u003C\\\/div\\u003E\\u003C\\\/div\\u003E\\u003C\\\/div\\u003E&quot;]\" data-init-show=\"50\">\n                <div class=\"eael-filterable-gallery-item-wrap eael-cf-on-stage\">\n\t\t\t\t<div class=\"eael-gallery-grid-item\"><div class=\"gallery-item-thumbnail-wrap\"><img decoding=\"async\" src=\"https:\/\/www.sophieleleu.com\/wp-content\/uploads\/2026\/01\/Capture-decran-2026-01-20-a-09.10.37.jpg\" data-lazy-src=\"https:\/\/www.sophieleleu.com\/wp-content\/uploads\/2026\/01\/Capture-decran-2026-01-20-a-09.10.37.jpg\" alt=\"\" class=\"gallery-item-thumbnail\"><\/div><div class=\"gallery-item-caption-wrap caption-style-hoverer eael-slide-up\"><div class=\"gallery-item-hoverer-bg\"><\/div><div class=\"gallery-item-caption-over\"><h5 class=\"fg-item-title\">Prima Materia \/ Instant Donn\u00e9 <\/h5><div class=\"fg-item-content\"><p>Creation CRR Cr\u00e9teil<\/p>\n<\/div><div class=\"gallery-item-buttons\">                <a href=\"https:\/\/www.sophieleleu.com\/compositrice\/photos\/tout-est-un-orchestre-crr-creteil\/\" aria-label=\"eael-item-maybe-link\"> <span class=\"fg-item-icon-inner\"><i class=\"\" aria-hidden=\"true\"><\/i><\/span><\/a><\/div><\/div><\/div><\/div><\/div><div class=\"eael-filterable-gallery-item-wrap eael-cf-on-stage\">\n\t\t\t\t<div class=\"eael-gallery-grid-item\"><div class=\"gallery-item-thumbnail-wrap\"><img decoding=\"async\" src=\"https:\/\/www.sophieleleu.com\/wp-content\/uploads\/2026\/01\/Capture-decran-2026-01-20-a-08.50.55.jpg\" data-lazy-src=\"https:\/\/www.sophieleleu.com\/wp-content\/uploads\/2026\/01\/Capture-decran-2026-01-20-a-08.50.55.jpg\" alt=\"\" class=\"gallery-item-thumbnail\"><\/div><div class=\"gallery-item-caption-wrap caption-style-hoverer eael-slide-up\"><div class=\"gallery-item-hoverer-bg\"><\/div><div class=\"gallery-item-caption-over\"><h5 class=\"fg-item-title\">Autre Terre \/ Instant Donn\u00e9<\/h5><div class=\"fg-item-content\"><p>Creation CRR Cr\u00e9teil<\/p>\n<\/div><div class=\"gallery-item-buttons\">                <a href=\"https:\/\/www.sophieleleu.com\/compositrice\/photos\/autre-terre-instant-donne\/\" aria-label=\"eael-item-maybe-link\"> <span class=\"fg-item-icon-inner\"><i class=\"\" aria-hidden=\"true\"><\/i><\/span><\/a><\/div><\/div><\/div><\/div><\/div><div class=\"eael-filterable-gallery-item-wrap eael-cf-on-stage\">\n\t\t\t\t<div class=\"eael-gallery-grid-item\"><div class=\"gallery-item-thumbnail-wrap\"><img decoding=\"async\" src=\"https:\/\/www.sophieleleu.com\/wp-content\/uploads\/2024\/11\/Prima-Materia-Affiche-1.png\" data-lazy-src=\"https:\/\/www.sophieleleu.com\/wp-content\/uploads\/2024\/11\/Prima-Materia-Affiche-1.png\" alt=\"\" class=\"gallery-item-thumbnail\"><\/div><div class=\"gallery-item-caption-wrap caption-style-hoverer eael-slide-up\"><div class=\"gallery-item-hoverer-bg\"><\/div><div class=\"gallery-item-caption-over\"><h5 class=\"fg-item-title\">Prima Materia \/ Instant Donn\u00e9<\/h5><div class=\"fg-item-content\"><p>Creation CRR Cr\u00e9teil<\/p>\n<\/div><div class=\"gallery-item-buttons\">                <a href=\"https:\/\/www.sophieleleu.com\/compositrice\/photos\/Prima-materia\" aria-label=\"eael-item-maybe-link\"> <span class=\"fg-item-icon-inner\"><i class=\"\" aria-hidden=\"true\"><\/i><\/span><\/a><\/div><\/div><\/div><\/div><\/div><div class=\"eael-filterable-gallery-item-wrap eael-cf-on-stage\">\n\t\t\t\t<div class=\"eael-gallery-grid-item\"><div class=\"gallery-item-thumbnail-wrap\"><img decoding=\"async\" src=\"https:\/\/www.sophieleleu.com\/wp-content\/uploads\/2024\/10\/DSC_6871p-1.jpg\" data-lazy-src=\"https:\/\/www.sophieleleu.com\/wp-content\/uploads\/2024\/10\/DSC_6871p-1.jpg\" alt=\"\" class=\"gallery-item-thumbnail\"><\/div><div class=\"gallery-item-caption-wrap caption-style-hoverer eael-slide-up\"><div class=\"gallery-item-hoverer-bg\"><\/div><div class=\"gallery-item-caption-over\"><h5 class=\"fg-item-title\">Vision \/ Ars Nova Ensemble  <\/h5><div class=\"fg-item-content\"><p>Royan-Orgues Festival<\/p>\n<\/div><div class=\"gallery-item-buttons\">                <a href=\"https:\/\/www.sophieleleu.com\/compositrice\/photos\/vision-ensemble-ars-nova\/\" aria-label=\"eael-item-maybe-link\"> <span class=\"fg-item-icon-inner\"><i class=\"\" aria-hidden=\"true\"><\/i><\/span><\/a><\/div><\/div><\/div><\/div><\/div><div class=\"eael-filterable-gallery-item-wrap eael-cf-on-stage\">\n\t\t\t\t<div class=\"eael-gallery-grid-item\"><div class=\"gallery-item-thumbnail-wrap\"><img decoding=\"async\" src=\"https:\/\/www.sophieleleu.com\/wp-content\/uploads\/2025\/09\/Golem-01-03-25-SImon-Gosselin-SD-51-1.jpg\" data-lazy-src=\"https:\/\/www.sophieleleu.com\/wp-content\/uploads\/2025\/09\/Golem-01-03-25-SImon-Gosselin-SD-51-1.jpg\" alt=\"\" class=\"gallery-item-thumbnail\"><\/div><div class=\"gallery-item-caption-wrap caption-style-hoverer eael-slide-up\"><div class=\"gallery-item-hoverer-bg\"><\/div><div class=\"gallery-item-caption-over\"><h5 class=\"fg-item-title\">Golem \/ Amos Gita\u00ef<\/h5><div class=\"fg-item-content\"><p>Stage Music \/ Th\u00e9\u00e2tre National Colline<\/p>\n<\/div><div class=\"gallery-item-buttons\">                <a href=\"https:\/\/www.sophieleleu.com\/mezzo-soprano\/photos\/golem-amos-gitai\/\" aria-label=\"eael-item-maybe-link\"> <span class=\"fg-item-icon-inner\"><i class=\"\" aria-hidden=\"true\"><\/i><\/span><\/a><\/div><\/div><\/div><\/div><\/div><div class=\"eael-filterable-gallery-item-wrap eael-cf-on-stage\">\n\t\t\t\t<div class=\"eael-gallery-grid-item\"><div class=\"gallery-item-thumbnail-wrap\"><img decoding=\"async\" src=\"https:\/\/www.sophieleleu.com\/wp-content\/uploads\/2024\/01\/338181446_1249590082627544_7048628500958541514_n.jpg\" data-lazy-src=\"https:\/\/www.sophieleleu.com\/wp-content\/uploads\/2024\/01\/338181446_1249590082627544_7048628500958541514_n.jpg\" alt=\"\" class=\"gallery-item-thumbnail\"><\/div><div class=\"gallery-item-caption-wrap caption-style-hoverer eael-slide-up\"><div class=\"gallery-item-hoverer-bg\"><\/div><div class=\"gallery-item-caption-over\"><h5 class=\"fg-item-title\">Sur l'\u00e9toffe de mon \u00e2me \/ Ars Nova<\/h5><div class=\"fg-item-content\"><p>Residence \/ Saint-Palais sur Mer<\/p>\n<\/div><div class=\"gallery-item-buttons\">                <a href=\"https:\/\/www.sophieleleu.com\/compositrice\/photos\/residence-ars-nova\/\" aria-label=\"eael-item-maybe-link\"> <span class=\"fg-item-icon-inner\"><i class=\"\" aria-hidden=\"true\"><\/i><\/span><\/a><\/div><\/div><\/div><\/div><\/div><div class=\"eael-filterable-gallery-item-wrap eael-cf-on-stage\">\n\t\t\t\t<div class=\"eael-gallery-grid-item\"><div class=\"gallery-item-thumbnail-wrap\"><img decoding=\"async\" src=\"https:\/\/www.sophieleleu.com\/wp-content\/uploads\/2024\/01\/352219317_798249138403583_8175549950474358467_n-1.jpg\" data-lazy-src=\"https:\/\/www.sophieleleu.com\/wp-content\/uploads\/2024\/01\/352219317_798249138403583_8175549950474358467_n-1.jpg\" alt=\"\" class=\"gallery-item-thumbnail\"><\/div><div class=\"gallery-item-caption-wrap caption-style-hoverer eael-slide-up\"><div class=\"gallery-item-hoverer-bg\"><\/div><div class=\"gallery-item-caption-over\"><h5 class=\"fg-item-title\">La chambre secr\u00e8te \/ 2E2M<\/h5><div class=\"fg-item-content\"><p>CRR Aubervilliers<\/p>\n<\/div><div class=\"gallery-item-buttons\">                <a href=\"https:\/\/www.sophieleleu.com\/compositrice\/photos\/la-chambre-secrete-2e2m\/\" aria-label=\"eael-item-maybe-link\"> <span class=\"fg-item-icon-inner\"><i class=\"\" aria-hidden=\"true\"><\/i><\/span><\/a><\/div><\/div><\/div><\/div><\/div><div class=\"eael-filterable-gallery-item-wrap eael-cf-on-stage\">\n\t\t\t\t<div class=\"eael-gallery-grid-item\"><div class=\"gallery-item-thumbnail-wrap\"><img decoding=\"async\" src=\"https:\/\/www.sophieleleu.com\/wp-content\/uploads\/2024\/01\/Capture-decran-2023-03-12-a-10.18.53-1.png\" data-lazy-src=\"https:\/\/www.sophieleleu.com\/wp-content\/uploads\/2024\/01\/Capture-decran-2023-03-12-a-10.18.53-1.png\" alt=\"\" class=\"gallery-item-thumbnail\"><\/div><div class=\"gallery-item-caption-wrap caption-style-hoverer eael-slide-up\"><div class=\"gallery-item-hoverer-bg\"><\/div><div class=\"gallery-item-caption-over\"><h5 class=\"fg-item-title\">Solstice \/ Multilaterale ensemble<\/h5><div class=\"fg-item-content\"><p>Philharmonie de Paris<\/p>\n<\/div><div class=\"gallery-item-buttons\">                <a href=\"http:\/\/sophieleleu.com\/compositrice\/photos\/solstice-multilateral\/\" aria-label=\"eael-item-maybe-link\" target=\"_blank\" rel=\"noopener\"> <span class=\"fg-item-icon-inner\"><i class=\"\" aria-hidden=\"true\"><\/i><\/span><\/a><\/div><\/div><\/div><\/div><\/div><div class=\"eael-filterable-gallery-item-wrap eael-cf-on-stage\">\n\t\t\t\t<div class=\"eael-gallery-grid-item\"><div class=\"gallery-item-thumbnail-wrap\"><img decoding=\"async\" src=\"https:\/\/www.sophieleleu.com\/wp-content\/uploads\/2024\/01\/Capture-decran-2024-01-13-a-13.17.54.png\" data-lazy-src=\"https:\/\/www.sophieleleu.com\/wp-content\/uploads\/2024\/01\/Capture-decran-2024-01-13-a-13.17.54.png\" alt=\"\" class=\"gallery-item-thumbnail\"><\/div><div class=\"gallery-item-caption-wrap caption-style-hoverer eael-slide-up\"><div class=\"gallery-item-hoverer-bg\"><\/div><div class=\"gallery-item-caption-over\"><h5 class=\"fg-item-title\">Heureux celui qui n'a pas de patrie \/ Accroche Note<\/h5><div class=\"fg-item-content\"><p>CRR d'Aubervilliers<\/p>\n<\/div><div class=\"gallery-item-buttons\"><a aria-label=\"eael-magnific-link\" href=\"https:\/\/www.sophieleleu.com\/wp-content\/uploads\/2024\/01\/Capture-decran-2024-01-13-a-13.17.54.png\" class=\"eael-magnific-link eael-magnific-link-clone active\" data-elementor-open-lightbox=\"no\"><span class=\"fg-item-icon-inner\"><i class=\"\" aria-hidden=\"true\"><\/i><\/span>\n            <\/a>                <a href=\"http:\/\/sophieleleu.com\/compositrice\/photos\/heureux-celui-ci-na-patrie-accroche-note\/\" aria-label=\"eael-item-maybe-link\" target=\"_blank\" rel=\"noopener\"> <span class=\"fg-item-icon-inner\"><i class=\"\" aria-hidden=\"true\"><\/i><\/span><\/a><\/div><\/div><\/div><\/div><\/div><div class=\"eael-filterable-gallery-item-wrap eael-cf-on-stage\">\n\t\t\t\t<div class=\"eael-gallery-grid-item\"><div class=\"gallery-item-thumbnail-wrap\"><img decoding=\"async\" src=\"https:\/\/www.sophieleleu.com\/wp-content\/uploads\/2024\/01\/Capture-decran-2024-01-13-a-13.15.52.png\" data-lazy-src=\"https:\/\/www.sophieleleu.com\/wp-content\/uploads\/2024\/01\/Capture-decran-2024-01-13-a-13.15.52.png\" alt=\"\" class=\"gallery-item-thumbnail\"><\/div><div class=\"gallery-item-caption-wrap caption-style-hoverer eael-slide-up\"><div class=\"gallery-item-hoverer-bg\"><\/div><div class=\"gallery-item-caption-over\"><h5 class=\"fg-item-title\">Ode \u00e0 la terre \/ Court-Circuit Ensemble<\/h5><div class=\"fg-item-content\"><p>CRR d'Aubervilliers<\/p>\n<\/div><div class=\"gallery-item-buttons\">                <a href=\"http:\/\/sophieleleu.com\/compositrice\/photos\/ode-a-la-terre-court-circuit\/\" aria-label=\"eael-item-maybe-link\" target=\"_blank\" rel=\"noopener\"> <span class=\"fg-item-icon-inner\"><i class=\"\" aria-hidden=\"true\"><\/i><\/span><\/a><\/div><\/div><\/div><\/div><\/div><div class=\"eael-filterable-gallery-item-wrap eael-cf-on-stage\">\n\t\t\t\t<div class=\"eael-gallery-grid-item\"><div class=\"gallery-item-thumbnail-wrap\"><img decoding=\"async\" src=\"https:\/\/www.sophieleleu.com\/wp-content\/uploads\/2024\/01\/150715414_10224903310548494_6170080407280128718_n-1.jpg\" data-lazy-src=\"https:\/\/www.sophieleleu.com\/wp-content\/uploads\/2024\/01\/150715414_10224903310548494_6170080407280128718_n-1.jpg\" alt=\"\" class=\"gallery-item-thumbnail\"><\/div><div class=\"gallery-item-caption-wrap caption-style-hoverer eael-slide-up\"><div class=\"gallery-item-hoverer-bg\"><\/div><div class=\"gallery-item-caption-over\"><h5 class=\"fg-item-title\">Souffle \/ Philippe R\u00e9card <\/h5><div class=\"fg-item-content\"><p>Pi\u00e8ce Mixte \/ CRR d'Aubervilliers<\/p>\n<\/div><div class=\"gallery-item-buttons\">                <a href=\"http:\/\/sophieleleu.com\/compositrice\/photos\/souffle-piece-mixte\/\" aria-label=\"eael-item-maybe-link\" target=\"_blank\" rel=\"noopener\"> <span class=\"fg-item-icon-inner\"><i class=\"\" aria-hidden=\"true\"><\/i><\/span><\/a><\/div><\/div><\/div><\/div><\/div><div class=\"eael-filterable-gallery-item-wrap eael-cf-on-stage\">\n\t\t\t\t<div class=\"eael-gallery-grid-item\"><div class=\"gallery-item-thumbnail-wrap\"><img decoding=\"async\" src=\"https:\/\/www.sophieleleu.com\/wp-content\/uploads\/2024\/01\/89084154_10221750641213731_4816352742068977664_n.jpg\" data-lazy-src=\"https:\/\/www.sophieleleu.com\/wp-content\/uploads\/2024\/01\/89084154_10221750641213731_4816352742068977664_n.jpg\" alt=\"\" class=\"gallery-item-thumbnail\"><\/div><div class=\"gallery-item-caption-wrap caption-style-hoverer eael-slide-up\"><div class=\"gallery-item-hoverer-bg\"><\/div><div class=\"gallery-item-caption-over\"><h5 class=\"fg-item-title\">En-Vie \/ Les Femmes Sauvages<\/h5><div class=\"fg-item-content\"><p>Ferme du Buisson - Sc\u00e8ne Nationale<\/p>\n<\/div><div class=\"gallery-item-buttons\">                <a href=\"http:\/\/sophieleleu.com\/compositrice\/photos\/en-vie-les-femmes-sauvages\/\" aria-label=\"eael-item-maybe-link\" target=\"_blank\" rel=\"noopener\"> <span class=\"fg-item-icon-inner\"><i class=\"\" aria-hidden=\"true\"><\/i><\/span><\/a><\/div><\/div><\/div><\/div><\/div><div class=\"eael-filterable-gallery-item-wrap eael-cf-on-stage\">\n\t\t\t\t<div class=\"eael-gallery-grid-item\"><div class=\"gallery-item-thumbnail-wrap\"><img decoding=\"async\" src=\"https:\/\/www.sophieleleu.com\/wp-content\/uploads\/2024\/01\/SOPHIE-LELEU-14-07_DSC5267-scaled.jpg\" data-lazy-src=\"https:\/\/www.sophieleleu.com\/wp-content\/uploads\/2024\/01\/SOPHIE-LELEU-14-07_DSC5267-scaled.jpg\" alt=\"\" class=\"gallery-item-thumbnail\"><\/div><div class=\"gallery-item-caption-wrap caption-style-hoverer eael-slide-up\"><div class=\"gallery-item-hoverer-bg\"><\/div><div class=\"gallery-item-caption-over\"><h5 class=\"fg-item-title\">De femmes en femmes <\/h5><div class=\"fg-item-content\"><p>On tours<\/p>\n<\/div><div class=\"gallery-item-buttons\">                <a href=\"https:\/\/www.sophieleleu.com\/compositrice\/photos\/de-femmes-en-femmes-en-tournee\/\" aria-label=\"eael-item-maybe-link\"> <span class=\"fg-item-icon-inner\"><i class=\"\" aria-hidden=\"true\"><\/i><\/span><\/a><\/div><\/div><\/div><\/div><\/div><div class=\"eael-filterable-gallery-item-wrap eael-cf-on-stage\">\n\t\t\t\t<div class=\"eael-gallery-grid-item\"><div class=\"gallery-item-thumbnail-wrap\"><img decoding=\"async\" src=\"https:\/\/www.sophieleleu.com\/wp-content\/uploads\/2024\/01\/Capture-decran-2022-10-17-a-12.40.20.png\" data-lazy-src=\"https:\/\/www.sophieleleu.com\/wp-content\/uploads\/2024\/01\/Capture-decran-2022-10-17-a-12.40.20.png\" alt=\"\" class=\"gallery-item-thumbnail\"><\/div><div class=\"gallery-item-caption-wrap caption-style-hoverer eael-slide-up\"><div class=\"gallery-item-hoverer-bg\"><\/div><div class=\"gallery-item-caption-over\"><h5 class=\"fg-item-title\">Chemins secrets<\/h5><div class=\"fg-item-content\"><p>Maad in 93 Festival<\/p>\n<\/div><div class=\"gallery-item-buttons\"><a aria-label=\"eael-magnific-link\" href=\"https:\/\/www.sophieleleu.com\/wp-content\/uploads\/2024\/01\/Capture-decran-2022-10-17-a-12.40.20.png\" class=\"eael-magnific-link eael-magnific-link-clone active\" data-elementor-open-lightbox=\"no\"><span class=\"fg-item-icon-inner\"><i class=\"\" aria-hidden=\"true\"><\/i><\/span>\n            <\/a>                <a href=\"http:\/\/sophieleleu.com\/compositrice\/photos\/les-chemins-secrets\/\" aria-label=\"eael-item-maybe-link\" target=\"_blank\" rel=\"noopener\"> <span class=\"fg-item-icon-inner\"><i class=\"\" aria-hidden=\"true\"><\/i><\/span><\/a><\/div><\/div><\/div><\/div><\/div><div class=\"eael-filterable-gallery-item-wrap eael-cf-on-stage\">\n\t\t\t\t<div class=\"eael-gallery-grid-item\"><div class=\"gallery-item-thumbnail-wrap\"><img decoding=\"async\" src=\"https:\/\/www.sophieleleu.com\/wp-content\/uploads\/2024\/01\/Les-femmes-sauvages-\u00a9-Michel-Joly12-scaled.jpg\" data-lazy-src=\"https:\/\/www.sophieleleu.com\/wp-content\/uploads\/2024\/01\/Les-femmes-sauvages-\u00a9-Michel-Joly12-scaled.jpg\" alt=\"\" class=\"gallery-item-thumbnail\"><\/div><div class=\"gallery-item-caption-wrap caption-style-hoverer eael-slide-up\"><div class=\"gallery-item-hoverer-bg\"><\/div><div class=\"gallery-item-caption-over\"><h5 class=\"fg-item-title\">Chant d'une Amazone \/ Les Femmes Sauvages<\/h5><div class=\"fg-item-content\"><p>Michel Joly photos<\/p>\n<\/div><div class=\"gallery-item-buttons\">                <a href=\"http:\/\/sophieleleu.com\/compositrice\/photos\/chant-dune-amazone-les-femmes-sauvages\/\" aria-label=\"eael-item-maybe-link\" target=\"_blank\" rel=\"noopener\"> <span class=\"fg-item-icon-inner\"><i class=\"\" aria-hidden=\"true\"><\/i><\/span><\/a><\/div><\/div><\/div><\/div><\/div><div class=\"eael-filterable-gallery-item-wrap eael-cf-portraits\">\n\t\t\t\t<div class=\"eael-gallery-grid-item\"><div class=\"gallery-item-thumbnail-wrap\"><img decoding=\"async\" src=\"https:\/\/www.sophieleleu.com\/wp-content\/uploads\/2024\/01\/IMG_0046_5.jpg\" data-lazy-src=\"https:\/\/www.sophieleleu.com\/wp-content\/uploads\/2024\/01\/IMG_0046_5.jpg\" alt=\"\" class=\"gallery-item-thumbnail\"><\/div><div class=\"gallery-item-caption-wrap caption-style-hoverer eael-slide-up\"><div class=\"gallery-item-hoverer-bg\"><\/div><div class=\"gallery-item-caption-over\"><h5 class=\"fg-item-title\">De femmes en femmes<\/h5><div class=\"fg-item-content\"><p>Self-portraits<\/p>\n<\/div><div class=\"gallery-item-buttons\">                <a href=\"https:\/\/www.sophieleleu.com\/mezzo-soprano\/photos\/de-femmes-en-femmes\/\" aria-label=\"eael-item-maybe-link\"> <span class=\"fg-item-icon-inner\"><i class=\"\" aria-hidden=\"true\"><\/i><\/span><\/a><\/div><\/div><\/div><\/div><\/div><div class=\"eael-filterable-gallery-item-wrap eael-cf-portraits\">\n\t\t\t\t<div class=\"eael-gallery-grid-item\"><div class=\"gallery-item-thumbnail-wrap\"><img decoding=\"async\" src=\"https:\/\/www.sophieleleu.com\/wp-content\/uploads\/2024\/01\/Copie-de-20110616-Sophie-Leleu-MD-0002-1.jpg\" data-lazy-src=\"https:\/\/www.sophieleleu.com\/wp-content\/uploads\/2024\/01\/Copie-de-20110616-Sophie-Leleu-MD-0002-1.jpg\" alt=\"\" class=\"gallery-item-thumbnail\"><\/div><div class=\"gallery-item-caption-wrap caption-style-hoverer eael-slide-up\"><div class=\"gallery-item-hoverer-bg\"><\/div><div class=\"gallery-item-caption-over\"><h5 class=\"fg-item-title\">Classics  <\/h5><div class=\"fg-item-content\"><p>Portraits<\/p>\n<\/div><div class=\"gallery-item-buttons\">                <a href=\"https:\/\/www.sophieleleu.com\/mezzo-soprano\/photos\/classiques\/\" aria-label=\"eael-item-maybe-link\"> <span class=\"fg-item-icon-inner\"><i class=\"\" aria-hidden=\"true\"><\/i><\/span><\/a><\/div><\/div><\/div><\/div><\/div><div class=\"eael-filterable-gallery-item-wrap eael-cf-portraits\">\n\t\t\t\t<div class=\"eael-gallery-grid-item\"><div class=\"gallery-item-thumbnail-wrap\"><img decoding=\"async\" src=\"https:\/\/www.sophieleleu.com\/wp-content\/uploads\/2024\/01\/271A1849-1-scaled.jpg\" data-lazy-src=\"https:\/\/www.sophieleleu.com\/wp-content\/uploads\/2024\/01\/271A1849-1-scaled.jpg\" alt=\"\" class=\"gallery-item-thumbnail\"><\/div><div class=\"gallery-item-caption-wrap caption-style-hoverer eael-slide-up\"><div class=\"gallery-item-hoverer-bg\"><\/div><div class=\"gallery-item-caption-over\"><h5 class=\"fg-item-title\">In the fields<\/h5><div class=\"fg-item-content\"><p>Portraits by Ralf Kleeman<\/p>\n<\/div><div class=\"gallery-item-buttons\">                <a href=\"https:\/\/www.sophieleleu.com\/mezzo-soprano\/photos\/dans-les-champs\/\" aria-label=\"eael-item-maybe-link\"> <span class=\"fg-item-icon-inner\"><i class=\"\" aria-hidden=\"true\"><\/i><\/span><\/a><\/div><\/div><\/div><\/div><\/div><div class=\"eael-filterable-gallery-item-wrap eael-cf-portraits\">\n\t\t\t\t<div class=\"eael-gallery-grid-item\"><div class=\"gallery-item-thumbnail-wrap\"><img decoding=\"async\" src=\"https:\/\/www.sophieleleu.com\/wp-content\/uploads\/2024\/01\/Chez-moi.jpg\" data-lazy-src=\"https:\/\/www.sophieleleu.com\/wp-content\/uploads\/2024\/01\/Chez-moi.jpg\" alt=\"\" class=\"gallery-item-thumbnail\"><\/div><div class=\"gallery-item-caption-wrap caption-style-hoverer eael-slide-up\"><div class=\"gallery-item-hoverer-bg\"><\/div><div class=\"gallery-item-caption-over\"><h5 class=\"fg-item-title\">Harp portraits<\/h5><div class=\"gallery-item-buttons\">                <a href=\"https:\/\/www.sophieleleu.com\/compositrice\/photos\/portraits-harpiste\/\" aria-label=\"eael-item-maybe-link\"> <span class=\"fg-item-icon-inner\"><i class=\"\" aria-hidden=\"true\"><\/i><\/span><\/a><\/div><\/div><\/div><\/div><\/div>            <\/div>\n\n                    <\/div>\n\n        \t\t<\/div>\n\t\t\t\t<\/div>\n\t\t\t\t\t<\/div>\n\t\t\t\t<\/div>\n\t\t\t\t\t\t\t<\/div>\n\t\t","protected":false},"excerpt":{"rendered":"<p>Photos All Galleries On stage Portraits Prima Materia \/ Instant Donn\u00e9 Creation CRR Cr\u00e9teil Autre Terre \/ Instant Donn\u00e9 Creation CRR Cr\u00e9teil Prima Materia \/ Instant Donn\u00e9 Creation CRR Cr\u00e9teil Vision \/ Ars Nova Ensemble Royan-Orgues Festival Golem \/ Amos Gita\u00ef Stage Music \/ Th\u00e9\u00e2tre National Colline Sur l&#8217;\u00e9toffe de mon \u00e2me \/ Ars Nova [&hellip;]<\/p>\n","protected":false},"author":1,"featured_media":0,"parent":9943,"menu_order":0,"comment_status":"closed","ping_status":"closed","template":"","meta":{"footnotes":""},"class_list":["post-9946","page","type-page","status-publish","hentry"],"acf":[],"_links":{"self":[{"href":"https:\/\/www.sophieleleu.com\/en\/wp-json\/wp\/v2\/pages\/9946","targetHints":{"allow":["GET"]}}],"collection":[{"href":"https:\/\/www.sophieleleu.com\/en\/wp-json\/wp\/v2\/pages"}],"about":[{"href":"https:\/\/www.sophieleleu.com\/en\/wp-json\/wp\/v2\/types\/page"}],"author":[{"embeddable":true,"href":"https:\/\/www.sophieleleu.com\/en\/wp-json\/wp\/v2\/users\/1"}],"replies":[{"embeddable":true,"href":"https:\/\/www.sophieleleu.com\/en\/wp-json\/wp\/v2\/comments?post=9946"}],"version-history":[{"count":31,"href":"https:\/\/www.sophieleleu.com\/en\/wp-json\/wp\/v2\/pages\/9946\/revisions"}],"predecessor-version":[{"id":15596,"href":"https:\/\/www.sophieleleu.com\/en\/wp-json\/wp\/v2\/pages\/9946\/revisions\/15596"}],"up":[{"embeddable":true,"href":"https:\/\/www.sophieleleu.com\/en\/wp-json\/wp\/v2\/pages\/9943"}],"wp:attachment":[{"href":"https:\/\/www.sophieleleu.com\/en\/wp-json\/wp\/v2\/media?parent=9946"}],"curies":[{"name":"wp","href":"https:\/\/api.w.org\/{rel}","templated":true}]}}