{"id":9798,"date":"2024-01-04T17:36:49","date_gmt":"2024-01-04T16:36:49","guid":{"rendered":"https:\/\/www.sophieleleu.com\/photos\/"},"modified":"2025-09-24T22:09:59","modified_gmt":"2025-09-24T20:09:59","slug":"photos","status":"publish","type":"page","link":"https:\/\/www.sophieleleu.com\/en\/mezzo-soprano\/photos\/","title":{"rendered":"Photos"},"content":{"rendered":"\t\t<div data-elementor-type=\"wp-page\" data-elementor-id=\"9798\" class=\"elementor elementor-9798 elementor-3540\" data-elementor-post-type=\"page\">\n\t\t\t\t\t\t\t\t\t<section data-particle_enable=\"false\" data-particle-mobile-disabled=\"false\" class=\"elementor-section elementor-top-section elementor-element elementor-element-b3ef3d3 heroSection2  wrapper-wide elementor-section-boxed elementor-section-height-default elementor-section-height-default\" data-id=\"b3ef3d3\" data-element_type=\"section\" data-settings=\"{&quot;background_background&quot;:&quot;classic&quot;}\">\n\t\t\t\t\t\t<div class=\"elementor-container elementor-column-gap-default\">\n\t\t\t\t\t<div class=\"elementor-column elementor-col-100 elementor-top-column elementor-element elementor-element-f997e55\" data-id=\"f997e55\" data-element_type=\"column\">\n\t\t\t<div class=\"elementor-widget-wrap elementor-element-populated\">\n\t\t\t\t\t\t\t\t<div class=\"elementor-element elementor-element-8787b39 title elementor-invisible elementor-widget elementor-widget-aliothtextwrapper\" data-id=\"8787b39\" data-element_type=\"widget\" data-settings=\"{&quot;_animation&quot;:&quot;fadeIn&quot;}\" data-widget_type=\"aliothtextwrapper.default\">\n\t\t\t\t<div class=\"elementor-widget-container\">\n\t\t\t\n\n<div class=\"text-wrapper align-center\">\n\n    <h1 class=\"has-anim\" data-animation=\"linesUp\" data-duration=\"1.8\" data-delay=\"1\" data-stagger=\"0.02\">Photos<\/h1>\n<\/div>\n\n\n\t\t<\/div>\n\t\t\t\t<\/div>\n\t\t\t\t\t<\/div>\n\t\t<\/div>\n\t\t\t\t\t\t\t<\/div>\n\t\t<\/section>\n\t\t<div data-particle_enable=\"false\" data-particle-mobile-disabled=\"false\" class=\"elementor-element elementor-element-9152bd9 e-flex e-con-boxed e-con e-parent\" data-id=\"9152bd9\" data-element_type=\"container\" data-settings=\"{&quot;content_width&quot;:&quot;boxed&quot;}\" data-core-v316-plus=\"true\">\n\t\t\t\t\t<div class=\"e-con-inner\">\n\t\t\t\t<div class=\"elementor-element elementor-element-b330e81 filterGallery eael-fg-hoverer-content-align-left elementor-widget elementor-widget-eael-filterable-gallery\" data-id=\"b330e81\" data-element_type=\"widget\" data-settings=\"{&quot;photo_gallery&quot;:&quot;yes&quot;,&quot;pagination&quot;:&quot;false&quot;}\" data-widget_type=\"eael-filterable-gallery.default\">\n\t\t\t\t<div class=\"elementor-widget-container\">\n\t\t\t<style id=\"eael-fg-inline-css-b330e81\">@media only screen and (max-width: 2399px) {\n\t\t\t\t\t.elementor-element.elementor-element-b330e81 .eael-filterable-gallery-item-wrap {\n\t\t\t\t\t        width: 50%;\n\t\t\t\t\t    }\n\t\t\t\t\t}@media only screen and (max-width: 1024px) {\n\t\t\t\t\t.elementor-element.elementor-element-b330e81  .eael-filterable-gallery-item-wrap {\n\t\t\t\t\t        width: 50%;\n\t\t\t\t\t    }\n\t\t\t\t\t}@media only screen and (max-width: 767px) {\n\t\t\t\t\t.elementor-element.elementor-element-b330e81  .eael-filterable-gallery-item-wrap {\n\t\t\t\t\t        width: 100%;\n\t\t\t\t\t    }\n\t\t\t\t\t}<\/style>        <div id=\"eael-filter-gallery-wrapper-b330e81\" class=\"eael-filter-gallery-wrapper\" data-layout-mode=\"hoverer\" data-mfp_caption=\"\" data-breakpoints=\"{&quot;mobile&quot;:{&quot;label&quot;:&quot;Mobile Portrait&quot;,&quot;value&quot;:767,&quot;default_value&quot;:767,&quot;direction&quot;:&quot;max&quot;,&quot;is_enabled&quot;:true},&quot;mobile_extra&quot;:{&quot;label&quot;:&quot;Mobile Landscape&quot;,&quot;value&quot;:880,&quot;default_value&quot;:880,&quot;direction&quot;:&quot;max&quot;,&quot;is_enabled&quot;:false},&quot;tablet&quot;:{&quot;label&quot;:&quot;Tablet Portrait&quot;,&quot;value&quot;:1024,&quot;default_value&quot;:1024,&quot;direction&quot;:&quot;max&quot;,&quot;is_enabled&quot;:true},&quot;tablet_extra&quot;:{&quot;label&quot;:&quot;Tablet Landscape&quot;,&quot;value&quot;:1200,&quot;default_value&quot;:1200,&quot;direction&quot;:&quot;max&quot;,&quot;is_enabled&quot;:false},&quot;laptop&quot;:{&quot;label&quot;:&quot;Laptop&quot;,&quot;value&quot;:1366,&quot;default_value&quot;:1366,&quot;direction&quot;:&quot;max&quot;,&quot;is_enabled&quot;:false},&quot;widescreen&quot;:{&quot;label&quot;:&quot;Widescreen&quot;,&quot;value&quot;:2400,&quot;default_value&quot;:2400,&quot;direction&quot;:&quot;min&quot;,&quot;is_enabled&quot;:false}}\" data-default_control_key=\"0\" data-custom_default_control=\"\">\n\n                        <div class=\"eael-filter-gallery-control\">\n                <ul><li data-load-more-status=\"0\" data-first-init=\"1\" class=\"control all-control  active \" data-filter=\"*\">All Galleries<\/li><li  data-load-more-status=\"0\" data-first-init=\"0\"\n                        class=\"control \" data-filter=\".eael-cf-on-stage\">On stage<\/li><li  data-load-more-status=\"0\" data-first-init=\"0\"\n                        class=\"control \" data-filter=\".eael-cf-portraits\">Portraits<\/li><\/ul>\n            <\/div>\n            \n            <div class=\"eael-filter-gallery-container eael-filter-gallery-grid\" data-images-per-page=\"\" data-total-gallery-items=\"22\" data-nomore-item-text=\"\" data-settings=\"{&quot;grid_style&quot;:&quot;grid&quot;,&quot;popup&quot;:&quot;buttons&quot;,&quot;duration&quot;:500,&quot;gallery_enabled&quot;:&quot;yes&quot;,&quot;video_gallery_yt_privacy&quot;:&quot;&quot;,&quot;control_all_text&quot;:&quot;All Galleries&quot;,&quot;post_id&quot;:9798,&quot;widget_id&quot;:&quot;b330e81&quot;}\" data-search-all=\"\" data-gallery-items=\"[&quot;\\u003Cdiv class=\\u0022eael-filterable-gallery-item-wrap eael-cf-on-stage\\u0022\\u003E\\n\\t\\t\\t\\t\\u003Cdiv class=\\u0022eael-gallery-grid-item\\u0022\\u003E\\u003Cdiv class=\\u0022gallery-item-thumbnail-wrap\\u0022\\u003E\\u003Cimg src=\\u0022https:\\\/\\\/www.sophieleleu.com\\\/wp-content\\\/uploads\\\/2025\\\/01\\\/1Golem-26-02-25-Simon-Gosselin-27.jpg\\u0022 data-lazy-src=\\u0022https:\\\/\\\/www.sophieleleu.com\\\/wp-content\\\/uploads\\\/2025\\\/01\\\/1Golem-26-02-25-Simon-Gosselin-27.jpg\\u0022 alt=\\u0022\\u0022 class=\\u0022gallery-item-thumbnail\\u0022\\u003E\\u003C\\\/div\\u003E\\u003Cdiv class=\\u0022gallery-item-caption-wrap caption-style-hoverer eael-slide-up\\u0022\\u003E\\u003Cdiv class=\\u0022gallery-item-hoverer-bg\\u0022\\u003E\\u003C\\\/div\\u003E\\u003Cdiv class=\\u0022gallery-item-caption-over\\u0022\\u003E\\u003Ch5 class=\\u0022fg-item-title\\u0022\\u003EGolem \\\/ Amos Gita\u00ef\\u003C\\\/h5\\u003E\\u003Cdiv class=\\u0022fg-item-content\\u0022\\u003E\\u003Cp\\u003ETh\u00e9\u00e2tre National de la Colline and tours\\u003C\\\/p\\u003E\\n\\u003C\\\/div\\u003E\\u003Cdiv class=\\u0022gallery-item-buttons\\u0022\\u003E                \\u003Ca href=\\u0022https:\\\/\\\/www.sophieleleu.com\\\/mezzo-soprano\\\/photos\\\/golem-amos-gita\u00ef\\\/\\u0022 aria-label=\\u0022eael-item-maybe-link\\u0022\\u003E \\u003Cspan class=\\u0022fg-item-icon-inner\\u0022\\u003E\\u003Ci class=\\u0022\\u0022 aria-hidden=\\u0022true\\u0022\\u003E\\u003C\\\/i\\u003E\\u003C\\\/span\\u003E\\u003C\\\/a\\u003E\\u003C\\\/div\\u003E\\u003C\\\/div\\u003E\\u003C\\\/div\\u003E\\u003C\\\/div\\u003E\\u003C\\\/div\\u003E&quot;,&quot;\\u003Cdiv class=\\u0022eael-filterable-gallery-item-wrap eael-cf-on-stage\\u0022\\u003E\\n\\t\\t\\t\\t\\u003Cdiv class=\\u0022eael-gallery-grid-item\\u0022\\u003E\\u003Cdiv class=\\u0022gallery-item-thumbnail-wrap\\u0022\\u003E\\u003Cimg src=\\u0022https:\\\/\\\/www.sophieleleu.com\\\/wp-content\\\/uploads\\\/2024\\\/01\\\/Re-dellabbisso.png\\u0022 data-lazy-src=\\u0022https:\\\/\\\/www.sophieleleu.com\\\/wp-content\\\/uploads\\\/2024\\\/01\\\/Re-dellabbisso.png\\u0022 alt=\\u0022\\u0022 class=\\u0022gallery-item-thumbnail\\u0022\\u003E\\u003C\\\/div\\u003E\\u003Cdiv class=\\u0022gallery-item-caption-wrap caption-style-hoverer eael-slide-up\\u0022\\u003E\\u003Cdiv class=\\u0022gallery-item-hoverer-bg\\u0022\\u003E\\u003C\\\/div\\u003E\\u003Cdiv class=\\u0022gallery-item-caption-over\\u0022\\u003E\\u003Ch5 class=\\u0022fg-item-title\\u0022\\u003EUn ballo in maschera\\u003C\\\/h5\\u003E\\u003Cdiv class=\\u0022fg-item-content\\u0022\\u003E\\u003Cp\\u003EVerdi - Teatro Mancinelli\\u003C\\\/p\\u003E\\n\\u003C\\\/div\\u003E\\u003Cdiv class=\\u0022gallery-item-buttons\\u0022\\u003E                \\u003Ca href=\\u0022\\\/ulrica-il-ballo-in-maschera-teatro-mancinelli-orvieto\\\/\\u0022 aria-label=\\u0022eael-item-maybe-link\\u0022\\u003E \\u003Cspan class=\\u0022fg-item-icon-inner\\u0022\\u003E\\u003Ci class=\\u0022\\u0022 aria-hidden=\\u0022true\\u0022\\u003E\\u003C\\\/i\\u003E\\u003C\\\/span\\u003E\\u003C\\\/a\\u003E\\u003C\\\/div\\u003E\\u003C\\\/div\\u003E\\u003C\\\/div\\u003E\\u003C\\\/div\\u003E\\u003C\\\/div\\u003E&quot;,&quot;\\u003Cdiv class=\\u0022eael-filterable-gallery-item-wrap eael-cf-on-stage\\u0022\\u003E\\n\\t\\t\\t\\t\\u003Cdiv class=\\u0022eael-gallery-grid-item\\u0022\\u003E\\u003Cdiv class=\\u0022gallery-item-thumbnail-wrap\\u0022\\u003E\\u003Cimg src=\\u0022https:\\\/\\\/www.sophieleleu.com\\\/wp-content\\\/uploads\\\/2024\\\/01\\\/DSC1106.jpg\\u0022 data-lazy-src=\\u0022https:\\\/\\\/www.sophieleleu.com\\\/wp-content\\\/uploads\\\/2024\\\/01\\\/DSC1106.jpg\\u0022 alt=\\u0022\\u0022 class=\\u0022gallery-item-thumbnail\\u0022\\u003E\\u003C\\\/div\\u003E\\u003Cdiv class=\\u0022gallery-item-caption-wrap caption-style-hoverer eael-slide-up\\u0022\\u003E\\u003Cdiv class=\\u0022gallery-item-hoverer-bg\\u0022\\u003E\\u003C\\\/div\\u003E\\u003Cdiv class=\\u0022gallery-item-caption-over\\u0022\\u003E\\u003Ch5 class=\\u0022fg-item-title\\u0022\\u003ELe m\u00e9decin Malgr\u00e9 lui\\u003C\\\/h5\\u003E\\u003Cdiv class=\\u0022fg-item-content\\u0022\\u003E\\u003Cp\\u003EGounod - Op\u00e9ra de Saint-Etienne\\u003C\\\/p\\u003E\\n\\u003C\\\/div\\u003E\\u003Cdiv class=\\u0022gallery-item-buttons\\u0022\\u003E                \\u003Ca href=\\u0022https:\\\/\\\/www.sophieleleu.com\\\/mezzo-soprano\\\/photos\\\/jacqueline-le-medecin-malgre-lui-opera-de-saint-etienne\\\/\\u0022 aria-label=\\u0022eael-item-maybe-link\\u0022\\u003E \\u003Cspan class=\\u0022fg-item-icon-inner\\u0022\\u003E\\u003Ci class=\\u0022\\u0022 aria-hidden=\\u0022true\\u0022\\u003E\\u003C\\\/i\\u003E\\u003C\\\/span\\u003E\\u003C\\\/a\\u003E\\u003C\\\/div\\u003E\\u003C\\\/div\\u003E\\u003C\\\/div\\u003E\\u003C\\\/div\\u003E\\u003C\\\/div\\u003E&quot;,&quot;\\u003Cdiv class=\\u0022eael-filterable-gallery-item-wrap eael-cf-on-stage\\u0022\\u003E\\n\\t\\t\\t\\t\\u003Cdiv class=\\u0022eael-gallery-grid-item\\u0022\\u003E\\u003Cdiv class=\\u0022gallery-item-thumbnail-wrap\\u0022\\u003E\\u003Cimg src=\\u0022https:\\\/\\\/www.sophieleleu.com\\\/wp-content\\\/uploads\\\/2024\\\/01\\\/12195759_10153669759938864_4969320594352380656_n-1.jpg\\u0022 data-lazy-src=\\u0022https:\\\/\\\/www.sophieleleu.com\\\/wp-content\\\/uploads\\\/2024\\\/01\\\/12195759_10153669759938864_4969320594352380656_n-1.jpg\\u0022 alt=\\u0022\\u0022 class=\\u0022gallery-item-thumbnail\\u0022\\u003E\\u003C\\\/div\\u003E\\u003Cdiv class=\\u0022gallery-item-caption-wrap caption-style-hoverer eael-slide-up\\u0022\\u003E\\u003Cdiv class=\\u0022gallery-item-hoverer-bg\\u0022\\u003E\\u003C\\\/div\\u003E\\u003Cdiv class=\\u0022gallery-item-caption-over\\u0022\\u003E\\u003Ch5 class=\\u0022fg-item-title\\u0022\\u003ECarmen  \\u003C\\\/h5\\u003E\\u003Cdiv class=\\u0022fg-item-content\\u0022\\u003E\\u003Cp\\u003EBizet - Saigon Opera\\u003C\\\/p\\u003E\\n\\u003C\\\/div\\u003E\\u003Cdiv class=\\u0022gallery-item-buttons\\u0022\\u003E                \\u003Ca href=\\u0022https:\\\/\\\/www.sophieleleu.com\\\/mezzo-soprano\\\/photos\\\/carmen-carmen-opera-de-saigon\\\/\\u0022 aria-label=\\u0022eael-item-maybe-link\\u0022\\u003E \\u003Cspan class=\\u0022fg-item-icon-inner\\u0022\\u003E\\u003Ci class=\\u0022\\u0022 aria-hidden=\\u0022true\\u0022\\u003E\\u003C\\\/i\\u003E\\u003C\\\/span\\u003E\\u003C\\\/a\\u003E\\u003C\\\/div\\u003E\\u003C\\\/div\\u003E\\u003C\\\/div\\u003E\\u003C\\\/div\\u003E\\u003C\\\/div\\u003E&quot;,&quot;\\u003Cdiv class=\\u0022eael-filterable-gallery-item-wrap eael-cf-on-stage\\u0022\\u003E\\n\\t\\t\\t\\t\\u003Cdiv class=\\u0022eael-gallery-grid-item\\u0022\\u003E\\u003Cdiv class=\\u0022gallery-item-thumbnail-wrap\\u0022\\u003E\\u003Cimg src=\\u0022https:\\\/\\\/www.sophieleleu.com\\\/wp-content\\\/uploads\\\/2024\\\/01\\\/22712325_10155712143633864_2213711183280502857_o.jpg\\u0022 data-lazy-src=\\u0022https:\\\/\\\/www.sophieleleu.com\\\/wp-content\\\/uploads\\\/2024\\\/01\\\/22712325_10155712143633864_2213711183280502857_o.jpg\\u0022 alt=\\u0022\\u0022 class=\\u0022gallery-item-thumbnail\\u0022\\u003E\\u003C\\\/div\\u003E\\u003Cdiv class=\\u0022gallery-item-caption-wrap caption-style-hoverer eael-slide-up\\u0022\\u003E\\u003Cdiv class=\\u0022gallery-item-hoverer-bg\\u0022\\u003E\\u003C\\\/div\\u003E\\u003Cdiv class=\\u0022gallery-item-caption-over\\u0022\\u003E\\u003Ch5 class=\\u0022fg-item-title\\u0022\\u003EFr\u00e9d\u00e9gonde\\u003C\\\/h5\\u003E\\u003Cdiv class=\\u0022fg-item-content\\u0022\\u003E\\u003Cp\\u003ESaint-Sa\u00ebns - Saigon Opera\\u003C\\\/p\\u003E\\n\\u003C\\\/div\\u003E\\u003Cdiv class=\\u0022gallery-item-buttons\\u0022\\u003E                \\u003Ca href=\\u0022https:\\\/\\\/www.sophieleleu.com\\\/mezzo-soprano\\\/photos\\\/fredegonde-fredegonde-opera-de-saigon\\\/\\u0022 aria-label=\\u0022eael-item-maybe-link\\u0022\\u003E \\u003Cspan class=\\u0022fg-item-icon-inner\\u0022\\u003E\\u003Ci class=\\u0022\\u0022 aria-hidden=\\u0022true\\u0022\\u003E\\u003C\\\/i\\u003E\\u003C\\\/span\\u003E\\u003C\\\/a\\u003E\\u003C\\\/div\\u003E\\u003C\\\/div\\u003E\\u003C\\\/div\\u003E\\u003C\\\/div\\u003E\\u003C\\\/div\\u003E&quot;,&quot;\\u003Cdiv class=\\u0022eael-filterable-gallery-item-wrap eael-cf-on-stage\\u0022\\u003E\\n\\t\\t\\t\\t\\u003Cdiv class=\\u0022eael-gallery-grid-item\\u0022\\u003E\\u003Cdiv class=\\u0022gallery-item-thumbnail-wrap\\u0022\\u003E\\u003Cimg src=\\u0022https:\\\/\\\/www.sophieleleu.com\\\/wp-content\\\/uploads\\\/2024\\\/01\\\/Capture-decran-2024-01-04-a-14.09.05.png\\u0022 data-lazy-src=\\u0022https:\\\/\\\/www.sophieleleu.com\\\/wp-content\\\/uploads\\\/2024\\\/01\\\/Capture-decran-2024-01-04-a-14.09.05.png\\u0022 alt=\\u0022\\u0022 class=\\u0022gallery-item-thumbnail\\u0022\\u003E\\u003C\\\/div\\u003E\\u003Cdiv class=\\u0022gallery-item-caption-wrap caption-style-hoverer eael-slide-up\\u0022\\u003E\\u003Cdiv class=\\u0022gallery-item-hoverer-bg\\u0022\\u003E\\u003C\\\/div\\u003E\\u003Cdiv class=\\u0022gallery-item-caption-over\\u0022\\u003E\\u003Ch5 class=\\u0022fg-item-title\\u0022\\u003ENixon in China  \\u003C\\\/h5\\u003E\\u003Cdiv class=\\u0022fg-item-content\\u0022\\u003E\\u003Cp\\u003EAdams - Th\u00e9\u00e2tre du Ch\u00e2telet\\u003C\\\/p\\u003E\\n\\u003C\\\/div\\u003E\\u003Cdiv class=\\u0022gallery-item-buttons\\u0022\\u003E                \\u003Ca href=\\u0022https:\\\/\\\/www.sophieleleu.com\\\/mezzo-soprano\\\/photos\\\/nancy-tang-nixon-in-china-theatre-du-chatelet\\\/\\u0022 aria-label=\\u0022eael-item-maybe-link\\u0022\\u003E \\u003Cspan class=\\u0022fg-item-icon-inner\\u0022\\u003E\\u003Ci class=\\u0022\\u0022 aria-hidden=\\u0022true\\u0022\\u003E\\u003C\\\/i\\u003E\\u003C\\\/span\\u003E\\u003C\\\/a\\u003E\\u003C\\\/div\\u003E\\u003C\\\/div\\u003E\\u003C\\\/div\\u003E\\u003C\\\/div\\u003E\\u003C\\\/div\\u003E&quot;,&quot;\\u003Cdiv class=\\u0022eael-filterable-gallery-item-wrap eael-cf-on-stage\\u0022\\u003E\\n\\t\\t\\t\\t\\u003Cdiv class=\\u0022eael-gallery-grid-item\\u0022\\u003E\\u003Cdiv class=\\u0022gallery-item-thumbnail-wrap\\u0022\\u003E\\u003Cimg src=\\u0022https:\\\/\\\/www.sophieleleu.com\\\/wp-content\\\/uploads\\\/2024\\\/01\\\/PAS_9478.jpg\\u0022 data-lazy-src=\\u0022https:\\\/\\\/www.sophieleleu.com\\\/wp-content\\\/uploads\\\/2024\\\/01\\\/PAS_9478.jpg\\u0022 alt=\\u0022\\u0022 class=\\u0022gallery-item-thumbnail\\u0022\\u003E\\u003C\\\/div\\u003E\\u003Cdiv class=\\u0022gallery-item-caption-wrap caption-style-hoverer eael-slide-up\\u0022\\u003E\\u003Cdiv class=\\u0022gallery-item-hoverer-bg\\u0022\\u003E\\u003C\\\/div\\u003E\\u003Cdiv class=\\u0022gallery-item-caption-over\\u0022\\u003E\\u003Ch5 class=\\u0022fg-item-title\\u0022\\u003EPastorale \\u003C\\\/h5\\u003E\\u003Cdiv class=\\u0022fg-item-content\\u0022\\u003E\\u003Cp\\u003EPesson - Th\u00e9\u00e2tre du Ch\u00e2telet\\u003C\\\/p\\u003E\\n\\u003C\\\/div\\u003E\\u003Cdiv class=\\u0022gallery-item-buttons\\u0022\\u003E                \\u003Ca href=\\u0022https:\\\/\\\/www.sophieleleu.com\\\/mezzo-soprano\\\/photos\\\/galathee-pastorale-theatre-du-chatelet\\\/\\u0022 aria-label=\\u0022eael-item-maybe-link\\u0022\\u003E \\u003Cspan class=\\u0022fg-item-icon-inner\\u0022\\u003E\\u003Ci class=\\u0022\\u0022 aria-hidden=\\u0022true\\u0022\\u003E\\u003C\\\/i\\u003E\\u003C\\\/span\\u003E\\u003C\\\/a\\u003E\\u003C\\\/div\\u003E\\u003C\\\/div\\u003E\\u003C\\\/div\\u003E\\u003C\\\/div\\u003E\\u003C\\\/div\\u003E&quot;,&quot;\\u003Cdiv class=\\u0022eael-filterable-gallery-item-wrap eael-cf-on-stage\\u0022\\u003E\\n\\t\\t\\t\\t\\u003Cdiv class=\\u0022eael-gallery-grid-item\\u0022\\u003E\\u003Cdiv class=\\u0022gallery-item-thumbnail-wrap\\u0022\\u003E\\u003Cimg src=\\u0022https:\\\/\\\/www.sophieleleu.com\\\/wp-content\\\/uploads\\\/2024\\\/01\\\/1149300_1183815161648059_8132109731003603044_o.jpg\\u0022 data-lazy-src=\\u0022https:\\\/\\\/www.sophieleleu.com\\\/wp-content\\\/uploads\\\/2024\\\/01\\\/1149300_1183815161648059_8132109731003603044_o.jpg\\u0022 alt=\\u0022\\u0022 class=\\u0022gallery-item-thumbnail\\u0022\\u003E\\u003C\\\/div\\u003E\\u003Cdiv class=\\u0022gallery-item-caption-wrap caption-style-hoverer eael-slide-up\\u0022\\u003E\\u003Cdiv class=\\u0022gallery-item-hoverer-bg\\u0022\\u003E\\u003C\\\/div\\u003E\\u003Cdiv class=\\u0022gallery-item-caption-over\\u0022\\u003E\\u003Ch5 class=\\u0022fg-item-title\\u0022\\u003EEl Amor Brujo\\u003C\\\/h5\\u003E\\u003Cdiv class=\\u0022fg-item-content\\u0022\\u003E\\u003Cp\\u003EFalla - Th\u00e9\u00e2tre de Vitry\\u003C\\\/p\\u003E\\n\\u003C\\\/div\\u003E\\u003Cdiv class=\\u0022gallery-item-buttons\\u0022\\u003E                \\u003Ca href=\\u0022https:\\\/\\\/www.sophieleleu.com\\\/mezzo-soprano\\\/photos\\\/candelas-el-amor-brujo-theatre-jean-vilar\\\/\\u0022 aria-label=\\u0022eael-item-maybe-link\\u0022\\u003E \\u003Cspan class=\\u0022fg-item-icon-inner\\u0022\\u003E\\u003Ci class=\\u0022\\u0022 aria-hidden=\\u0022true\\u0022\\u003E\\u003C\\\/i\\u003E\\u003C\\\/span\\u003E\\u003C\\\/a\\u003E\\u003C\\\/div\\u003E\\u003C\\\/div\\u003E\\u003C\\\/div\\u003E\\u003C\\\/div\\u003E\\u003C\\\/div\\u003E&quot;,&quot;\\u003Cdiv class=\\u0022eael-filterable-gallery-item-wrap eael-cf-on-stage\\u0022\\u003E\\n\\t\\t\\t\\t\\u003Cdiv class=\\u0022eael-gallery-grid-item\\u0022\\u003E\\u003Cdiv class=\\u0022gallery-item-thumbnail-wrap\\u0022\\u003E\\u003Cimg src=\\u0022https:\\\/\\\/www.sophieleleu.com\\\/wp-content\\\/uploads\\\/2024\\\/01\\\/balcon3-1.jpg\\u0022 data-lazy-src=\\u0022https:\\\/\\\/www.sophieleleu.com\\\/wp-content\\\/uploads\\\/2024\\\/01\\\/balcon3-1.jpg\\u0022 alt=\\u0022\\u0022 class=\\u0022gallery-item-thumbnail\\u0022\\u003E\\u003C\\\/div\\u003E\\u003Cdiv class=\\u0022gallery-item-caption-wrap caption-style-hoverer eael-slide-up\\u0022\\u003E\\u003Cdiv class=\\u0022gallery-item-hoverer-bg\\u0022\\u003E\\u003C\\\/div\\u003E\\u003Cdiv class=\\u0022gallery-item-caption-over\\u0022\\u003E\\u003Ch5 class=\\u0022fg-item-title\\u0022\\u003E L\u2019enfer Musical \\u003C\\\/h5\\u003E\\u003Cdiv class=\\u0022fg-item-content\\u0022\\u003E\\u003Cp\\u003ESuarez-Cifuentes - Le Balcon\\u003C\\\/p\\u003E\\n\\u003C\\\/div\\u003E\\u003Cdiv class=\\u0022gallery-item-buttons\\u0022\\u003E                \\u003Ca href=\\u0022https:\\\/\\\/www.sophieleleu.com\\\/mezzo-soprano\\\/photos\\\/alejandra-lenfer-musical-le-balcon-paris\\\/\\u0022 aria-label=\\u0022eael-item-maybe-link\\u0022\\u003E \\u003Cspan class=\\u0022fg-item-icon-inner\\u0022\\u003E\\u003Ci class=\\u0022\\u0022 aria-hidden=\\u0022true\\u0022\\u003E\\u003C\\\/i\\u003E\\u003C\\\/span\\u003E\\u003C\\\/a\\u003E\\u003C\\\/div\\u003E\\u003C\\\/div\\u003E\\u003C\\\/div\\u003E\\u003C\\\/div\\u003E\\u003C\\\/div\\u003E&quot;,&quot;\\u003Cdiv class=\\u0022eael-filterable-gallery-item-wrap eael-cf-on-stage\\u0022\\u003E\\n\\t\\t\\t\\t\\u003Cdiv class=\\u0022eael-gallery-grid-item\\u0022\\u003E\\u003Cdiv class=\\u0022gallery-item-thumbnail-wrap\\u0022\\u003E\\u003Cimg src=\\u0022https:\\\/\\\/www.sophieleleu.com\\\/wp-content\\\/uploads\\\/2024\\\/01\\\/\u2555-C.-THIVEL-Voix-de-lAin-11.jpg\\u0022 data-lazy-src=\\u0022https:\\\/\\\/www.sophieleleu.com\\\/wp-content\\\/uploads\\\/2024\\\/01\\\/\u2555-C.-THIVEL-Voix-de-lAin-11.jpg\\u0022 alt=\\u0022\\u0022 class=\\u0022gallery-item-thumbnail\\u0022\\u003E\\u003C\\\/div\\u003E\\u003Cdiv class=\\u0022gallery-item-caption-wrap caption-style-hoverer eael-slide-up\\u0022\\u003E\\u003Cdiv class=\\u0022gallery-item-hoverer-bg\\u0022\\u003E\\u003C\\\/div\\u003E\\u003Cdiv class=\\u0022gallery-item-caption-over\\u0022\\u003E\\u003Ch5 class=\\u0022fg-item-title\\u0022\\u003ECarmen Flamenco  \\u003C\\\/h5\\u003E\\u003Cdiv class=\\u0022fg-item-content\\u0022\\u003E\\u003Cp\\u003EBizet - on tour\\u003C\\\/p\\u003E\\n\\u003C\\\/div\\u003E\\u003Cdiv class=\\u0022gallery-item-buttons\\u0022\\u003E                \\u003Ca href=\\u0022https:\\\/\\\/www.sophieleleu.com\\\/mezzo-soprano\\\/photos\\\/carmen-carmen-flamenco-festival-davignon\\\/\\u0022 aria-label=\\u0022eael-item-maybe-link\\u0022\\u003E \\u003Cspan class=\\u0022fg-item-icon-inner\\u0022\\u003E\\u003Ci class=\\u0022\\u0022 aria-hidden=\\u0022true\\u0022\\u003E\\u003C\\\/i\\u003E\\u003C\\\/span\\u003E\\u003C\\\/a\\u003E\\u003C\\\/div\\u003E\\u003C\\\/div\\u003E\\u003C\\\/div\\u003E\\u003C\\\/div\\u003E\\u003C\\\/div\\u003E&quot;,&quot;\\u003Cdiv class=\\u0022eael-filterable-gallery-item-wrap eael-cf-on-stage\\u0022\\u003E\\n\\t\\t\\t\\t\\u003Cdiv class=\\u0022eael-gallery-grid-item\\u0022\\u003E\\u003Cdiv class=\\u0022gallery-item-thumbnail-wrap\\u0022\\u003E\\u003Cimg src=\\u0022https:\\\/\\\/www.sophieleleu.com\\\/wp-content\\\/uploads\\\/2024\\\/01\\\/Empac2.jpg\\u0022 data-lazy-src=\\u0022https:\\\/\\\/www.sophieleleu.com\\\/wp-content\\\/uploads\\\/2024\\\/01\\\/Empac2.jpg\\u0022 alt=\\u0022\\u0022 class=\\u0022gallery-item-thumbnail\\u0022\\u003E\\u003C\\\/div\\u003E\\u003Cdiv class=\\u0022gallery-item-caption-wrap caption-style-hoverer eael-slide-up\\u0022\\u003E\\u003Cdiv class=\\u0022gallery-item-hoverer-bg\\u0022\\u003E\\u003C\\\/div\\u003E\\u003Cdiv class=\\u0022gallery-item-caption-over\\u0022\\u003E\\u003Ch5 class=\\u0022fg-item-title\\u0022\\u003ERe-Walden\\u003C\\\/h5\\u003E\\u003Cdiv class=\\u0022fg-item-content\\u0022\\u003E\\u003Cp\\u003EMarkeas - EMPAC New York - Harvard University\\u003C\\\/p\\u003E\\n\\u003C\\\/div\\u003E\\u003Cdiv class=\\u0022gallery-item-buttons\\u0022\\u003E                \\u003Ca href=\\u0022https:\\\/\\\/www.sophieleleu.com\\\/mezzo-soprano\\\/photos\\\/re-walden-empac-harvard-university\\\/\\u0022 aria-label=\\u0022eael-item-maybe-link\\u0022\\u003E \\u003Cspan class=\\u0022fg-item-icon-inner\\u0022\\u003E\\u003Ci class=\\u0022\\u0022 aria-hidden=\\u0022true\\u0022\\u003E\\u003C\\\/i\\u003E\\u003C\\\/span\\u003E\\u003C\\\/a\\u003E\\u003C\\\/div\\u003E\\u003C\\\/div\\u003E\\u003C\\\/div\\u003E\\u003C\\\/div\\u003E\\u003C\\\/div\\u003E&quot;,&quot;\\u003Cdiv class=\\u0022eael-filterable-gallery-item-wrap eael-cf-on-stage\\u0022\\u003E\\n\\t\\t\\t\\t\\u003Cdiv class=\\u0022eael-gallery-grid-item\\u0022\\u003E\\u003Cdiv class=\\u0022gallery-item-thumbnail-wrap\\u0022\\u003E\\u003Cimg src=\\u0022https:\\\/\\\/www.sophieleleu.com\\\/wp-content\\\/uploads\\\/2024\\\/01\\\/18_filature_20230603_0803_mk-scaled.jpg\\u0022 data-lazy-src=\\u0022https:\\\/\\\/www.sophieleleu.com\\\/wp-content\\\/uploads\\\/2024\\\/01\\\/18_filature_20230603_0803_mk-scaled.jpg\\u0022 alt=\\u0022\\u0022 class=\\u0022gallery-item-thumbnail\\u0022\\u003E\\u003C\\\/div\\u003E\\u003Cdiv class=\\u0022gallery-item-caption-wrap caption-style-hoverer eael-slide-up\\u0022\\u003E\\u003Cdiv class=\\u0022gallery-item-hoverer-bg\\u0022\\u003E\\u003C\\\/div\\u003E\\u003Cdiv class=\\u0022gallery-item-caption-over\\u0022\\u003E\\u003Ch5 class=\\u0022fg-item-title\\u0022\\u003EMusic for 18 - Links\\u003C\\\/h5\\u003E\\u003Cdiv class=\\u0022fg-item-content\\u0022\\u003E\\u003Cp\\u003EReich - on tour with sc\u00e8nes nationales\\u003C\\\/p\\u003E\\n\\u003C\\\/div\\u003E\\u003Cdiv class=\\u0022gallery-item-buttons\\u0022\\u003E                \\u003Ca href=\\u0022https:\\\/\\\/www.sophieleleu.com\\\/mezzo-soprano\\\/photos\\\/music-for-18-links-scenes-nationales\\\/\\u0022 aria-label=\\u0022eael-item-maybe-link\\u0022\\u003E \\u003Cspan class=\\u0022fg-item-icon-inner\\u0022\\u003E\\u003Ci class=\\u0022\\u0022 aria-hidden=\\u0022true\\u0022\\u003E\\u003C\\\/i\\u003E\\u003C\\\/span\\u003E\\u003C\\\/a\\u003E\\u003C\\\/div\\u003E\\u003C\\\/div\\u003E\\u003C\\\/div\\u003E\\u003C\\\/div\\u003E\\u003C\\\/div\\u003E&quot;,&quot;\\u003Cdiv class=\\u0022eael-filterable-gallery-item-wrap eael-cf-on-stage\\u0022\\u003E\\n\\t\\t\\t\\t\\u003Cdiv class=\\u0022eael-gallery-grid-item\\u0022\\u003E\\u003Cdiv class=\\u0022gallery-item-thumbnail-wrap\\u0022\\u003E\\u003Cimg src=\\u0022https:\\\/\\\/www.sophieleleu.com\\\/wp-content\\\/uploads\\\/2024\\\/01\\\/Picturingthedark-portrait-scaled.jpg\\u0022 data-lazy-src=\\u0022https:\\\/\\\/www.sophieleleu.com\\\/wp-content\\\/uploads\\\/2024\\\/01\\\/Picturingthedark-portrait-scaled.jpg\\u0022 alt=\\u0022\\u0022 class=\\u0022gallery-item-thumbnail\\u0022\\u003E\\u003C\\\/div\\u003E\\u003Cdiv class=\\u0022gallery-item-caption-wrap caption-style-hoverer eael-slide-up\\u0022\\u003E\\u003Cdiv class=\\u0022gallery-item-hoverer-bg\\u0022\\u003E\\u003C\\\/div\\u003E\\u003Cdiv class=\\u0022gallery-item-caption-over\\u0022\\u003E\\u003Ch5 class=\\u0022fg-item-title\\u0022\\u003EJe suis comme je suis\\u003C\\\/h5\\u003E\\u003Cdiv class=\\u0022fg-item-content\\u0022\\u003E\\u003Cp\\u003Ecie Des Lieux \\u0026amp; Des \u00catres - Festival d\\u0027Avignon\\u003C\\\/p\\u003E\\n\\u003C\\\/div\\u003E\\u003Cdiv class=\\u0022gallery-item-buttons\\u0022\\u003E                \\u003Ca href=\\u0022https:\\\/\\\/www.sophieleleu.com\\\/mezzo-soprano\\\/photos\\\/je-suis-comme-je-suis-festival-davignon\\\/\\u0022 aria-label=\\u0022eael-item-maybe-link\\u0022\\u003E \\u003Cspan class=\\u0022fg-item-icon-inner\\u0022\\u003E\\u003Ci class=\\u0022\\u0022 aria-hidden=\\u0022true\\u0022\\u003E\\u003C\\\/i\\u003E\\u003C\\\/span\\u003E\\u003C\\\/a\\u003E\\u003C\\\/div\\u003E\\u003C\\\/div\\u003E\\u003C\\\/div\\u003E\\u003C\\\/div\\u003E\\u003C\\\/div\\u003E&quot;,&quot;\\u003Cdiv class=\\u0022eael-filterable-gallery-item-wrap eael-cf-on-stage\\u0022\\u003E\\n\\t\\t\\t\\t\\u003Cdiv class=\\u0022eael-gallery-grid-item\\u0022\\u003E\\u003Cdiv class=\\u0022gallery-item-thumbnail-wrap\\u0022\\u003E\\u003Cimg src=\\u0022https:\\\/\\\/www.sophieleleu.com\\\/wp-content\\\/uploads\\\/2024\\\/01\\\/R7A7683-scaled.jpg\\u0022 data-lazy-src=\\u0022https:\\\/\\\/www.sophieleleu.com\\\/wp-content\\\/uploads\\\/2024\\\/01\\\/R7A7683-scaled.jpg\\u0022 alt=\\u0022\\u0022 class=\\u0022gallery-item-thumbnail\\u0022\\u003E\\u003C\\\/div\\u003E\\u003Cdiv class=\\u0022gallery-item-caption-wrap caption-style-hoverer eael-slide-up\\u0022\\u003E\\u003Cdiv class=\\u0022gallery-item-hoverer-bg\\u0022\\u003E\\u003C\\\/div\\u003E\\u003Cdiv class=\\u0022gallery-item-caption-over\\u0022\\u003E\\u003Ch5 class=\\u0022fg-item-title\\u0022\\u003EJe suis comme je suis\\u003C\\\/h5\\u003E\\u003Cdiv class=\\u0022fg-item-content\\u0022\\u003E\\u003Cp\\u003Ecie Des Lieux \\u0026amp; Des \u00catres - Shooting Marbrerie Montreuil\\u003C\\\/p\\u003E\\n\\u003C\\\/div\\u003E\\u003Cdiv class=\\u0022gallery-item-buttons\\u0022\\u003E                \\u003Ca href=\\u0022https:\\\/\\\/www.sophieleleu.com\\\/mezzo-soprano\\\/photos\\\/je-suis-comme-je-suis-tournage-marbrerie\\\/\\u0022 aria-label=\\u0022eael-item-maybe-link\\u0022\\u003E \\u003Cspan class=\\u0022fg-item-icon-inner\\u0022\\u003E\\u003Ci class=\\u0022\\u0022 aria-hidden=\\u0022true\\u0022\\u003E\\u003C\\\/i\\u003E\\u003C\\\/span\\u003E\\u003C\\\/a\\u003E\\u003C\\\/div\\u003E\\u003C\\\/div\\u003E\\u003C\\\/div\\u003E\\u003C\\\/div\\u003E\\u003C\\\/div\\u003E&quot;,&quot;\\u003Cdiv class=\\u0022eael-filterable-gallery-item-wrap eael-cf-on-stage\\u0022\\u003E\\n\\t\\t\\t\\t\\u003Cdiv class=\\u0022eael-gallery-grid-item\\u0022\\u003E\\u003Cdiv class=\\u0022gallery-item-thumbnail-wrap\\u0022\\u003E\\u003Cimg src=\\u0022https:\\\/\\\/www.sophieleleu.com\\\/wp-content\\\/uploads\\\/2024\\\/01\\\/Capture-decran-2014-11-22-a-15.59.06.png\\u0022 data-lazy-src=\\u0022https:\\\/\\\/www.sophieleleu.com\\\/wp-content\\\/uploads\\\/2024\\\/01\\\/Capture-decran-2014-11-22-a-15.59.06.png\\u0022 alt=\\u0022\\u0022 class=\\u0022gallery-item-thumbnail\\u0022\\u003E\\u003C\\\/div\\u003E\\u003Cdiv class=\\u0022gallery-item-caption-wrap caption-style-hoverer eael-slide-up\\u0022\\u003E\\u003Cdiv class=\\u0022gallery-item-hoverer-bg\\u0022\\u003E\\u003C\\\/div\\u003E\\u003Cdiv class=\\u0022gallery-item-caption-over\\u0022\\u003E\\u003Ch5 class=\\u0022fg-item-title\\u0022\\u003EApr\u00e8s un r\u00eave \\u003C\\\/h5\\u003E\\u003Cdiv class=\\u0022fg-item-content\\u0022\\u003E\\u003Cp\\u003Ecie Des Lieux \\u0026amp; Des \u00catres\\u003C\\\/p\\u003E\\n\\u003C\\\/div\\u003E\\u003Cdiv class=\\u0022gallery-item-buttons\\u0022\\u003E                \\u003Ca href=\\u0022https:\\\/\\\/www.sophieleleu.com\\\/mezzo-soprano\\\/photos\\\/apres-un-reve-centre-culturel-bailly-romainvilliers\\\/\\u0022 aria-label=\\u0022eael-item-maybe-link\\u0022\\u003E \\u003Cspan class=\\u0022fg-item-icon-inner\\u0022\\u003E\\u003Ci class=\\u0022\\u0022 aria-hidden=\\u0022true\\u0022\\u003E\\u003C\\\/i\\u003E\\u003C\\\/span\\u003E\\u003C\\\/a\\u003E\\u003C\\\/div\\u003E\\u003C\\\/div\\u003E\\u003C\\\/div\\u003E\\u003C\\\/div\\u003E\\u003C\\\/div\\u003E&quot;,&quot;\\u003Cdiv class=\\u0022eael-filterable-gallery-item-wrap eael-cf-on-stage\\u0022\\u003E\\n\\t\\t\\t\\t\\u003Cdiv class=\\u0022eael-gallery-grid-item\\u0022\\u003E\\u003Cdiv class=\\u0022gallery-item-thumbnail-wrap\\u0022\\u003E\\u003Cimg src=\\u0022https:\\\/\\\/www.sophieleleu.com\\\/wp-content\\\/uploads\\\/2024\\\/01\\\/11742631_10207067293659219_2095136366038640146_n.jpg\\u0022 data-lazy-src=\\u0022https:\\\/\\\/www.sophieleleu.com\\\/wp-content\\\/uploads\\\/2024\\\/01\\\/11742631_10207067293659219_2095136366038640146_n.jpg\\u0022 alt=\\u0022\\u0022 class=\\u0022gallery-item-thumbnail\\u0022\\u003E\\u003C\\\/div\\u003E\\u003Cdiv class=\\u0022gallery-item-caption-wrap caption-style-hoverer eael-slide-up\\u0022\\u003E\\u003Cdiv class=\\u0022gallery-item-hoverer-bg\\u0022\\u003E\\u003C\\\/div\\u003E\\u003Cdiv class=\\u0022gallery-item-caption-over\\u0022\\u003E\\u003Ch5 class=\\u0022fg-item-title\\u0022\\u003ETrio Joussein  \\u003C\\\/h5\\u003E\\u003Cdiv class=\\u0022fg-item-content\\u0022\\u003E\\u003Cp\\u003EFrench music in jazz - Baiser Sal\u00e9\\u003C\\\/p\\u003E\\n\\u003C\\\/div\\u003E\\u003Cdiv class=\\u0022gallery-item-buttons\\u0022\\u003E                \\u003Ca href=\\u0022https:\\\/\\\/www.sophieleleu.com\\\/mezzo-soprano\\\/photos\\\/trio-joussein-baiser-sale-2\\\/\\u0022 aria-label=\\u0022eael-item-maybe-link\\u0022\\u003E \\u003Cspan class=\\u0022fg-item-icon-inner\\u0022\\u003E\\u003Ci class=\\u0022\\u0022 aria-hidden=\\u0022true\\u0022\\u003E\\u003C\\\/i\\u003E\\u003C\\\/span\\u003E\\u003C\\\/a\\u003E\\u003C\\\/div\\u003E\\u003C\\\/div\\u003E\\u003C\\\/div\\u003E\\u003C\\\/div\\u003E\\u003C\\\/div\\u003E&quot;,&quot;\\u003Cdiv class=\\u0022eael-filterable-gallery-item-wrap eael-cf-portraits\\u0022\\u003E\\n\\t\\t\\t\\t\\u003Cdiv class=\\u0022eael-gallery-grid-item\\u0022\\u003E\\u003Cdiv class=\\u0022gallery-item-thumbnail-wrap\\u0022\\u003E\\u003Cimg src=\\u0022https:\\\/\\\/www.sophieleleu.com\\\/wp-content\\\/uploads\\\/2024\\\/01\\\/Copie-de-20110616-Sophie-Leleu-MD-0002-1.jpg\\u0022 data-lazy-src=\\u0022https:\\\/\\\/www.sophieleleu.com\\\/wp-content\\\/uploads\\\/2024\\\/01\\\/Copie-de-20110616-Sophie-Leleu-MD-0002-1.jpg\\u0022 alt=\\u0022\\u0022 class=\\u0022gallery-item-thumbnail\\u0022\\u003E\\u003C\\\/div\\u003E\\u003Cdiv class=\\u0022gallery-item-caption-wrap caption-style-hoverer eael-slide-up\\u0022\\u003E\\u003Cdiv class=\\u0022gallery-item-hoverer-bg\\u0022\\u003E\\u003C\\\/div\\u003E\\u003Cdiv class=\\u0022gallery-item-caption-over\\u0022\\u003E\\u003Ch5 class=\\u0022fg-item-title\\u0022\\u003EClassics  \\u003C\\\/h5\\u003E\\u003Cdiv class=\\u0022fg-item-content\\u0022\\u003E\\u003Cp\\u003EPortraits  \\u003C\\\/p\\u003E\\n\\u003C\\\/div\\u003E\\u003Cdiv class=\\u0022gallery-item-buttons\\u0022\\u003E                \\u003Ca href=\\u0022https:\\\/\\\/www.sophieleleu.com\\\/mezzo-soprano\\\/photos\\\/classiques\\\/\\u0022 aria-label=\\u0022eael-item-maybe-link\\u0022\\u003E \\u003Cspan class=\\u0022fg-item-icon-inner\\u0022\\u003E\\u003Ci class=\\u0022\\u0022 aria-hidden=\\u0022true\\u0022\\u003E\\u003C\\\/i\\u003E\\u003C\\\/span\\u003E\\u003C\\\/a\\u003E\\u003C\\\/div\\u003E\\u003C\\\/div\\u003E\\u003C\\\/div\\u003E\\u003C\\\/div\\u003E\\u003C\\\/div\\u003E&quot;,&quot;\\u003Cdiv class=\\u0022eael-filterable-gallery-item-wrap eael-cf-portraits\\u0022\\u003E\\n\\t\\t\\t\\t\\u003Cdiv class=\\u0022eael-gallery-grid-item\\u0022\\u003E\\u003Cdiv class=\\u0022gallery-item-thumbnail-wrap\\u0022\\u003E\\u003Cimg src=\\u0022https:\\\/\\\/www.sophieleleu.com\\\/wp-content\\\/uploads\\\/2024\\\/01\\\/12122019-_DSF8715.jpeg\\u0022 data-lazy-src=\\u0022https:\\\/\\\/www.sophieleleu.com\\\/wp-content\\\/uploads\\\/2024\\\/01\\\/12122019-_DSF8715.jpeg\\u0022 alt=\\u0022\\u0022 class=\\u0022gallery-item-thumbnail\\u0022\\u003E\\u003C\\\/div\\u003E\\u003Cdiv class=\\u0022gallery-item-caption-wrap caption-style-hoverer eael-slide-up\\u0022\\u003E\\u003Cdiv class=\\u0022gallery-item-hoverer-bg\\u0022\\u003E\\u003C\\\/div\\u003E\\u003Cdiv class=\\u0022gallery-item-caption-over\\u0022\\u003E\\u003Ch5 class=\\u0022fg-item-title\\u0022\\u003EBehind the scenes  \\u003C\\\/h5\\u003E\\u003Cdiv class=\\u0022fg-item-content\\u0022\\u003E\\u003Cp\\u003EPortraits\\u003C\\\/p\\u003E\\n\\u003C\\\/div\\u003E\\u003Cdiv class=\\u0022gallery-item-buttons\\u0022\\u003E                \\u003Ca href=\\u0022https:\\\/\\\/www.sophieleleu.com\\\/mezzo-soprano\\\/photos\\\/costumee\\\/\\u0022 aria-label=\\u0022eael-item-maybe-link\\u0022\\u003E \\u003Cspan class=\\u0022fg-item-icon-inner\\u0022\\u003E\\u003Ci class=\\u0022\\u0022 aria-hidden=\\u0022true\\u0022\\u003E\\u003C\\\/i\\u003E\\u003C\\\/span\\u003E\\u003C\\\/a\\u003E\\u003C\\\/div\\u003E\\u003C\\\/div\\u003E\\u003C\\\/div\\u003E\\u003C\\\/div\\u003E\\u003C\\\/div\\u003E&quot;,&quot;\\u003Cdiv class=\\u0022eael-filterable-gallery-item-wrap eael-cf-portraits\\u0022\\u003E\\n\\t\\t\\t\\t\\u003Cdiv class=\\u0022eael-gallery-grid-item\\u0022\\u003E\\u003Cdiv class=\\u0022gallery-item-thumbnail-wrap\\u0022\\u003E\\u003Cimg src=\\u0022https:\\\/\\\/www.sophieleleu.com\\\/wp-content\\\/uploads\\\/2024\\\/01\\\/IMG_0046_5.jpg\\u0022 data-lazy-src=\\u0022https:\\\/\\\/www.sophieleleu.com\\\/wp-content\\\/uploads\\\/2024\\\/01\\\/IMG_0046_5.jpg\\u0022 alt=\\u0022\\u0022 class=\\u0022gallery-item-thumbnail\\u0022\\u003E\\u003C\\\/div\\u003E\\u003Cdiv class=\\u0022gallery-item-caption-wrap caption-style-hoverer eael-slide-up\\u0022\\u003E\\u003Cdiv class=\\u0022gallery-item-hoverer-bg\\u0022\\u003E\\u003C\\\/div\\u003E\\u003Cdiv class=\\u0022gallery-item-caption-over\\u0022\\u003E\\u003Ch5 class=\\u0022fg-item-title\\u0022\\u003EDe femmes en femmes\\u003C\\\/h5\\u003E\\u003Cdiv class=\\u0022fg-item-content\\u0022\\u003E\\u003Cp\\u003ESelf-portraits\\u003C\\\/p\\u003E\\n\\u003C\\\/div\\u003E\\u003Cdiv class=\\u0022gallery-item-buttons\\u0022\\u003E                \\u003Ca href=\\u0022https:\\\/\\\/www.sophieleleu.com\\\/mezzo-soprano\\\/photos\\\/de-femmes-en-femmes\\\/\\u0022 aria-label=\\u0022eael-item-maybe-link\\u0022\\u003E \\u003Cspan class=\\u0022fg-item-icon-inner\\u0022\\u003E\\u003Ci class=\\u0022\\u0022 aria-hidden=\\u0022true\\u0022\\u003E\\u003C\\\/i\\u003E\\u003C\\\/span\\u003E\\u003C\\\/a\\u003E\\u003C\\\/div\\u003E\\u003C\\\/div\\u003E\\u003C\\\/div\\u003E\\u003C\\\/div\\u003E\\u003C\\\/div\\u003E&quot;,&quot;\\u003Cdiv class=\\u0022eael-filterable-gallery-item-wrap eael-cf-portraits\\u0022\\u003E\\n\\t\\t\\t\\t\\u003Cdiv class=\\u0022eael-gallery-grid-item\\u0022\\u003E\\u003Cdiv class=\\u0022gallery-item-thumbnail-wrap\\u0022\\u003E\\u003Cimg src=\\u0022https:\\\/\\\/www.sophieleleu.com\\\/wp-content\\\/uploads\\\/2024\\\/01\\\/rouge-173.webp\\u0022 data-lazy-src=\\u0022https:\\\/\\\/www.sophieleleu.com\\\/wp-content\\\/uploads\\\/2024\\\/01\\\/rouge-173.webp\\u0022 alt=\\u0022\\u0022 class=\\u0022gallery-item-thumbnail\\u0022\\u003E\\u003C\\\/div\\u003E\\u003Cdiv class=\\u0022gallery-item-caption-wrap caption-style-hoverer eael-slide-up\\u0022\\u003E\\u003Cdiv class=\\u0022gallery-item-hoverer-bg\\u0022\\u003E\\u003C\\\/div\\u003E\\u003Cdiv class=\\u0022gallery-item-caption-over\\u0022\\u003E\\u003Ch5 class=\\u0022fg-item-title\\u0022\\u003EPoppies\\u003C\\\/h5\\u003E\\u003Cdiv class=\\u0022fg-item-content\\u0022\\u003E\\u003Cp\\u003EPortraits by Ralf Kleeman\\u003C\\\/p\\u003E\\n\\u003C\\\/div\\u003E\\u003Cdiv class=\\u0022gallery-item-buttons\\u0022\\u003E                \\u003Ca href=\\u0022https:\\\/\\\/www.sophieleleu.com\\\/mezzo-soprano\\\/photos\\\/coquelicots\\\/\\u0022 aria-label=\\u0022eael-item-maybe-link\\u0022\\u003E \\u003Cspan class=\\u0022fg-item-icon-inner\\u0022\\u003E\\u003Ci class=\\u0022\\u0022 aria-hidden=\\u0022true\\u0022\\u003E\\u003C\\\/i\\u003E\\u003C\\\/span\\u003E\\u003C\\\/a\\u003E\\u003C\\\/div\\u003E\\u003C\\\/div\\u003E\\u003C\\\/div\\u003E\\u003C\\\/div\\u003E\\u003C\\\/div\\u003E&quot;,&quot;\\u003Cdiv class=\\u0022eael-filterable-gallery-item-wrap eael-cf-portraits\\u0022\\u003E\\n\\t\\t\\t\\t\\u003Cdiv class=\\u0022eael-gallery-grid-item\\u0022\\u003E\\u003Cdiv class=\\u0022gallery-item-thumbnail-wrap\\u0022\\u003E\\u003Cimg src=\\u0022https:\\\/\\\/www.sophieleleu.com\\\/wp-content\\\/uploads\\\/2024\\\/01\\\/IMG_4978-scaled.jpg\\u0022 data-lazy-src=\\u0022https:\\\/\\\/www.sophieleleu.com\\\/wp-content\\\/uploads\\\/2024\\\/01\\\/IMG_4978-scaled.jpg\\u0022 alt=\\u0022\\u0022 class=\\u0022gallery-item-thumbnail\\u0022\\u003E\\u003C\\\/div\\u003E\\u003Cdiv class=\\u0022gallery-item-caption-wrap caption-style-hoverer eael-slide-up\\u0022\\u003E\\u003Cdiv class=\\u0022gallery-item-hoverer-bg\\u0022\\u003E\\u003C\\\/div\\u003E\\u003Cdiv class=\\u0022gallery-item-caption-over\\u0022\\u003E\\u003Ch5 class=\\u0022fg-item-title\\u0022\\u003ERiver\\u003C\\\/h5\\u003E\\u003Cdiv class=\\u0022fg-item-content\\u0022\\u003E\\u003Cp\\u003EPortraits by Ralf Kleeman\\u003C\\\/p\\u003E\\n\\u003C\\\/div\\u003E\\u003Cdiv class=\\u0022gallery-item-buttons\\u0022\\u003E                \\u003Ca href=\\u0022https:\\\/\\\/www.sophieleleu.com\\\/mezzo-soprano\\\/photos\\\/riviere\\\/\\u0022 aria-label=\\u0022eael-item-maybe-link\\u0022\\u003E \\u003Cspan class=\\u0022fg-item-icon-inner\\u0022\\u003E\\u003Ci class=\\u0022\\u0022 aria-hidden=\\u0022true\\u0022\\u003E\\u003C\\\/i\\u003E\\u003C\\\/span\\u003E\\u003C\\\/a\\u003E\\u003C\\\/div\\u003E\\u003C\\\/div\\u003E\\u003C\\\/div\\u003E\\u003C\\\/div\\u003E\\u003C\\\/div\\u003E&quot;,&quot;\\u003Cdiv class=\\u0022eael-filterable-gallery-item-wrap eael-cf-portraits\\u0022\\u003E\\n\\t\\t\\t\\t\\u003Cdiv class=\\u0022eael-gallery-grid-item\\u0022\\u003E\\u003Cdiv class=\\u0022gallery-item-thumbnail-wrap\\u0022\\u003E\\u003Cimg src=\\u0022https:\\\/\\\/www.sophieleleu.com\\\/wp-content\\\/uploads\\\/2024\\\/01\\\/271A1849-1-scaled.jpg\\u0022 data-lazy-src=\\u0022https:\\\/\\\/www.sophieleleu.com\\\/wp-content\\\/uploads\\\/2024\\\/01\\\/271A1849-1-scaled.jpg\\u0022 alt=\\u0022\\u0022 class=\\u0022gallery-item-thumbnail\\u0022\\u003E\\u003C\\\/div\\u003E\\u003Cdiv class=\\u0022gallery-item-caption-wrap caption-style-hoverer eael-slide-up\\u0022\\u003E\\u003Cdiv class=\\u0022gallery-item-hoverer-bg\\u0022\\u003E\\u003C\\\/div\\u003E\\u003Cdiv class=\\u0022gallery-item-caption-over\\u0022\\u003E\\u003Ch5 class=\\u0022fg-item-title\\u0022\\u003EIn the fields\\u003C\\\/h5\\u003E\\u003Cdiv class=\\u0022fg-item-content\\u0022\\u003E\\u003Cp\\u003EPortraits by Ralf Kleeman\\u003C\\\/p\\u003E\\n\\u003C\\\/div\\u003E\\u003Cdiv class=\\u0022gallery-item-buttons\\u0022\\u003E                \\u003Ca href=\\u0022https:\\\/\\\/www.sophieleleu.com\\\/mezzo-soprano\\\/photos\\\/dans-les-champs\\\/\\u0022 aria-label=\\u0022eael-item-maybe-link\\u0022\\u003E \\u003Cspan class=\\u0022fg-item-icon-inner\\u0022\\u003E\\u003Ci class=\\u0022\\u0022 aria-hidden=\\u0022true\\u0022\\u003E\\u003C\\\/i\\u003E\\u003C\\\/span\\u003E\\u003C\\\/a\\u003E\\u003C\\\/div\\u003E\\u003C\\\/div\\u003E\\u003C\\\/div\\u003E\\u003C\\\/div\\u003E\\u003C\\\/div\\u003E&quot;]\" data-init-show=\"50\">\n                <div class=\"eael-filterable-gallery-item-wrap eael-cf-on-stage\">\n\t\t\t\t<div class=\"eael-gallery-grid-item\"><div class=\"gallery-item-thumbnail-wrap\"><img decoding=\"async\" src=\"https:\/\/www.sophieleleu.com\/wp-content\/uploads\/2025\/01\/1Golem-26-02-25-Simon-Gosselin-27.jpg\" data-lazy-src=\"https:\/\/www.sophieleleu.com\/wp-content\/uploads\/2025\/01\/1Golem-26-02-25-Simon-Gosselin-27.jpg\" alt=\"\" class=\"gallery-item-thumbnail\"><\/div><div class=\"gallery-item-caption-wrap caption-style-hoverer eael-slide-up\"><div class=\"gallery-item-hoverer-bg\"><\/div><div class=\"gallery-item-caption-over\"><h5 class=\"fg-item-title\">Golem \/ Amos Gita\u00ef<\/h5><div class=\"fg-item-content\"><p>Th\u00e9\u00e2tre National de la Colline and tours<\/p>\n<\/div><div class=\"gallery-item-buttons\">                <a href=\"https:\/\/www.sophieleleu.com\/mezzo-soprano\/photos\/golem-amos-gita\u00ef\/\" aria-label=\"eael-item-maybe-link\"> <span class=\"fg-item-icon-inner\"><i class=\"\" aria-hidden=\"true\"><\/i><\/span><\/a><\/div><\/div><\/div><\/div><\/div><div class=\"eael-filterable-gallery-item-wrap eael-cf-on-stage\">\n\t\t\t\t<div class=\"eael-gallery-grid-item\"><div class=\"gallery-item-thumbnail-wrap\"><img decoding=\"async\" src=\"https:\/\/www.sophieleleu.com\/wp-content\/uploads\/2024\/01\/Re-dellabbisso.png\" data-lazy-src=\"https:\/\/www.sophieleleu.com\/wp-content\/uploads\/2024\/01\/Re-dellabbisso.png\" alt=\"\" class=\"gallery-item-thumbnail\"><\/div><div class=\"gallery-item-caption-wrap caption-style-hoverer eael-slide-up\"><div class=\"gallery-item-hoverer-bg\"><\/div><div class=\"gallery-item-caption-over\"><h5 class=\"fg-item-title\">Un ballo in maschera<\/h5><div class=\"fg-item-content\"><p>Verdi - Teatro Mancinelli<\/p>\n<\/div><div class=\"gallery-item-buttons\">                <a href=\"\/ulrica-il-ballo-in-maschera-teatro-mancinelli-orvieto\/\" aria-label=\"eael-item-maybe-link\"> <span class=\"fg-item-icon-inner\"><i class=\"\" aria-hidden=\"true\"><\/i><\/span><\/a><\/div><\/div><\/div><\/div><\/div><div class=\"eael-filterable-gallery-item-wrap eael-cf-on-stage\">\n\t\t\t\t<div class=\"eael-gallery-grid-item\"><div class=\"gallery-item-thumbnail-wrap\"><img decoding=\"async\" src=\"https:\/\/www.sophieleleu.com\/wp-content\/uploads\/2024\/01\/DSC1106.jpg\" data-lazy-src=\"https:\/\/www.sophieleleu.com\/wp-content\/uploads\/2024\/01\/DSC1106.jpg\" alt=\"\" class=\"gallery-item-thumbnail\"><\/div><div class=\"gallery-item-caption-wrap caption-style-hoverer eael-slide-up\"><div class=\"gallery-item-hoverer-bg\"><\/div><div class=\"gallery-item-caption-over\"><h5 class=\"fg-item-title\">Le m\u00e9decin Malgr\u00e9 lui<\/h5><div class=\"fg-item-content\"><p>Gounod - Op\u00e9ra de Saint-Etienne<\/p>\n<\/div><div class=\"gallery-item-buttons\">                <a href=\"https:\/\/www.sophieleleu.com\/mezzo-soprano\/photos\/jacqueline-le-medecin-malgre-lui-opera-de-saint-etienne\/\" aria-label=\"eael-item-maybe-link\"> <span class=\"fg-item-icon-inner\"><i class=\"\" aria-hidden=\"true\"><\/i><\/span><\/a><\/div><\/div><\/div><\/div><\/div><div class=\"eael-filterable-gallery-item-wrap eael-cf-on-stage\">\n\t\t\t\t<div class=\"eael-gallery-grid-item\"><div class=\"gallery-item-thumbnail-wrap\"><img decoding=\"async\" src=\"https:\/\/www.sophieleleu.com\/wp-content\/uploads\/2024\/01\/12195759_10153669759938864_4969320594352380656_n-1.jpg\" data-lazy-src=\"https:\/\/www.sophieleleu.com\/wp-content\/uploads\/2024\/01\/12195759_10153669759938864_4969320594352380656_n-1.jpg\" alt=\"\" class=\"gallery-item-thumbnail\"><\/div><div class=\"gallery-item-caption-wrap caption-style-hoverer eael-slide-up\"><div class=\"gallery-item-hoverer-bg\"><\/div><div class=\"gallery-item-caption-over\"><h5 class=\"fg-item-title\">Carmen  <\/h5><div class=\"fg-item-content\"><p>Bizet - Saigon Opera<\/p>\n<\/div><div class=\"gallery-item-buttons\">                <a href=\"https:\/\/www.sophieleleu.com\/mezzo-soprano\/photos\/carmen-carmen-opera-de-saigon\/\" aria-label=\"eael-item-maybe-link\"> <span class=\"fg-item-icon-inner\"><i class=\"\" aria-hidden=\"true\"><\/i><\/span><\/a><\/div><\/div><\/div><\/div><\/div><div class=\"eael-filterable-gallery-item-wrap eael-cf-on-stage\">\n\t\t\t\t<div class=\"eael-gallery-grid-item\"><div class=\"gallery-item-thumbnail-wrap\"><img decoding=\"async\" src=\"https:\/\/www.sophieleleu.com\/wp-content\/uploads\/2024\/01\/22712325_10155712143633864_2213711183280502857_o.jpg\" data-lazy-src=\"https:\/\/www.sophieleleu.com\/wp-content\/uploads\/2024\/01\/22712325_10155712143633864_2213711183280502857_o.jpg\" alt=\"\" class=\"gallery-item-thumbnail\"><\/div><div class=\"gallery-item-caption-wrap caption-style-hoverer eael-slide-up\"><div class=\"gallery-item-hoverer-bg\"><\/div><div class=\"gallery-item-caption-over\"><h5 class=\"fg-item-title\">Fr\u00e9d\u00e9gonde<\/h5><div class=\"fg-item-content\"><p>Saint-Sa\u00ebns - Saigon Opera<\/p>\n<\/div><div class=\"gallery-item-buttons\">                <a href=\"https:\/\/www.sophieleleu.com\/mezzo-soprano\/photos\/fredegonde-fredegonde-opera-de-saigon\/\" aria-label=\"eael-item-maybe-link\"> <span class=\"fg-item-icon-inner\"><i class=\"\" aria-hidden=\"true\"><\/i><\/span><\/a><\/div><\/div><\/div><\/div><\/div><div class=\"eael-filterable-gallery-item-wrap eael-cf-on-stage\">\n\t\t\t\t<div class=\"eael-gallery-grid-item\"><div class=\"gallery-item-thumbnail-wrap\"><img decoding=\"async\" src=\"https:\/\/www.sophieleleu.com\/wp-content\/uploads\/2024\/01\/Capture-decran-2024-01-04-a-14.09.05.png\" data-lazy-src=\"https:\/\/www.sophieleleu.com\/wp-content\/uploads\/2024\/01\/Capture-decran-2024-01-04-a-14.09.05.png\" alt=\"\" class=\"gallery-item-thumbnail\"><\/div><div class=\"gallery-item-caption-wrap caption-style-hoverer eael-slide-up\"><div class=\"gallery-item-hoverer-bg\"><\/div><div class=\"gallery-item-caption-over\"><h5 class=\"fg-item-title\">Nixon in China  <\/h5><div class=\"fg-item-content\"><p>Adams - Th\u00e9\u00e2tre du Ch\u00e2telet<\/p>\n<\/div><div class=\"gallery-item-buttons\">                <a href=\"https:\/\/www.sophieleleu.com\/mezzo-soprano\/photos\/nancy-tang-nixon-in-china-theatre-du-chatelet\/\" aria-label=\"eael-item-maybe-link\"> <span class=\"fg-item-icon-inner\"><i class=\"\" aria-hidden=\"true\"><\/i><\/span><\/a><\/div><\/div><\/div><\/div><\/div><div class=\"eael-filterable-gallery-item-wrap eael-cf-on-stage\">\n\t\t\t\t<div class=\"eael-gallery-grid-item\"><div class=\"gallery-item-thumbnail-wrap\"><img decoding=\"async\" src=\"https:\/\/www.sophieleleu.com\/wp-content\/uploads\/2024\/01\/PAS_9478.jpg\" data-lazy-src=\"https:\/\/www.sophieleleu.com\/wp-content\/uploads\/2024\/01\/PAS_9478.jpg\" alt=\"\" class=\"gallery-item-thumbnail\"><\/div><div class=\"gallery-item-caption-wrap caption-style-hoverer eael-slide-up\"><div class=\"gallery-item-hoverer-bg\"><\/div><div class=\"gallery-item-caption-over\"><h5 class=\"fg-item-title\">Pastorale <\/h5><div class=\"fg-item-content\"><p>Pesson - Th\u00e9\u00e2tre du Ch\u00e2telet<\/p>\n<\/div><div class=\"gallery-item-buttons\">                <a href=\"https:\/\/www.sophieleleu.com\/mezzo-soprano\/photos\/galathee-pastorale-theatre-du-chatelet\/\" aria-label=\"eael-item-maybe-link\"> <span class=\"fg-item-icon-inner\"><i class=\"\" aria-hidden=\"true\"><\/i><\/span><\/a><\/div><\/div><\/div><\/div><\/div><div class=\"eael-filterable-gallery-item-wrap eael-cf-on-stage\">\n\t\t\t\t<div class=\"eael-gallery-grid-item\"><div class=\"gallery-item-thumbnail-wrap\"><img decoding=\"async\" src=\"https:\/\/www.sophieleleu.com\/wp-content\/uploads\/2024\/01\/1149300_1183815161648059_8132109731003603044_o.jpg\" data-lazy-src=\"https:\/\/www.sophieleleu.com\/wp-content\/uploads\/2024\/01\/1149300_1183815161648059_8132109731003603044_o.jpg\" alt=\"\" class=\"gallery-item-thumbnail\"><\/div><div class=\"gallery-item-caption-wrap caption-style-hoverer eael-slide-up\"><div class=\"gallery-item-hoverer-bg\"><\/div><div class=\"gallery-item-caption-over\"><h5 class=\"fg-item-title\">El Amor Brujo<\/h5><div class=\"fg-item-content\"><p>Falla - Th\u00e9\u00e2tre de Vitry<\/p>\n<\/div><div class=\"gallery-item-buttons\">                <a href=\"https:\/\/www.sophieleleu.com\/mezzo-soprano\/photos\/candelas-el-amor-brujo-theatre-jean-vilar\/\" aria-label=\"eael-item-maybe-link\"> <span class=\"fg-item-icon-inner\"><i class=\"\" aria-hidden=\"true\"><\/i><\/span><\/a><\/div><\/div><\/div><\/div><\/div><div class=\"eael-filterable-gallery-item-wrap eael-cf-on-stage\">\n\t\t\t\t<div class=\"eael-gallery-grid-item\"><div class=\"gallery-item-thumbnail-wrap\"><img decoding=\"async\" src=\"https:\/\/www.sophieleleu.com\/wp-content\/uploads\/2024\/01\/balcon3-1.jpg\" data-lazy-src=\"https:\/\/www.sophieleleu.com\/wp-content\/uploads\/2024\/01\/balcon3-1.jpg\" alt=\"\" class=\"gallery-item-thumbnail\"><\/div><div class=\"gallery-item-caption-wrap caption-style-hoverer eael-slide-up\"><div class=\"gallery-item-hoverer-bg\"><\/div><div class=\"gallery-item-caption-over\"><h5 class=\"fg-item-title\"> L\u2019enfer Musical <\/h5><div class=\"fg-item-content\"><p>Suarez-Cifuentes - Le Balcon<\/p>\n<\/div><div class=\"gallery-item-buttons\">                <a href=\"https:\/\/www.sophieleleu.com\/mezzo-soprano\/photos\/alejandra-lenfer-musical-le-balcon-paris\/\" aria-label=\"eael-item-maybe-link\"> <span class=\"fg-item-icon-inner\"><i class=\"\" aria-hidden=\"true\"><\/i><\/span><\/a><\/div><\/div><\/div><\/div><\/div><div class=\"eael-filterable-gallery-item-wrap eael-cf-on-stage\">\n\t\t\t\t<div class=\"eael-gallery-grid-item\"><div class=\"gallery-item-thumbnail-wrap\"><img decoding=\"async\" src=\"https:\/\/www.sophieleleu.com\/wp-content\/uploads\/2024\/01\/\u2555-C.-THIVEL-Voix-de-lAin-11.jpg\" data-lazy-src=\"https:\/\/www.sophieleleu.com\/wp-content\/uploads\/2024\/01\/\u2555-C.-THIVEL-Voix-de-lAin-11.jpg\" alt=\"\" class=\"gallery-item-thumbnail\"><\/div><div class=\"gallery-item-caption-wrap caption-style-hoverer eael-slide-up\"><div class=\"gallery-item-hoverer-bg\"><\/div><div class=\"gallery-item-caption-over\"><h5 class=\"fg-item-title\">Carmen Flamenco  <\/h5><div class=\"fg-item-content\"><p>Bizet - on tour<\/p>\n<\/div><div class=\"gallery-item-buttons\">                <a href=\"https:\/\/www.sophieleleu.com\/mezzo-soprano\/photos\/carmen-carmen-flamenco-festival-davignon\/\" aria-label=\"eael-item-maybe-link\"> <span class=\"fg-item-icon-inner\"><i class=\"\" aria-hidden=\"true\"><\/i><\/span><\/a><\/div><\/div><\/div><\/div><\/div><div class=\"eael-filterable-gallery-item-wrap eael-cf-on-stage\">\n\t\t\t\t<div class=\"eael-gallery-grid-item\"><div class=\"gallery-item-thumbnail-wrap\"><img decoding=\"async\" src=\"https:\/\/www.sophieleleu.com\/wp-content\/uploads\/2024\/01\/Empac2.jpg\" data-lazy-src=\"https:\/\/www.sophieleleu.com\/wp-content\/uploads\/2024\/01\/Empac2.jpg\" alt=\"\" class=\"gallery-item-thumbnail\"><\/div><div class=\"gallery-item-caption-wrap caption-style-hoverer eael-slide-up\"><div class=\"gallery-item-hoverer-bg\"><\/div><div class=\"gallery-item-caption-over\"><h5 class=\"fg-item-title\">Re-Walden<\/h5><div class=\"fg-item-content\"><p>Markeas - EMPAC New York - Harvard University<\/p>\n<\/div><div class=\"gallery-item-buttons\">                <a href=\"https:\/\/www.sophieleleu.com\/mezzo-soprano\/photos\/re-walden-empac-harvard-university\/\" aria-label=\"eael-item-maybe-link\"> <span class=\"fg-item-icon-inner\"><i class=\"\" aria-hidden=\"true\"><\/i><\/span><\/a><\/div><\/div><\/div><\/div><\/div><div class=\"eael-filterable-gallery-item-wrap eael-cf-on-stage\">\n\t\t\t\t<div class=\"eael-gallery-grid-item\"><div class=\"gallery-item-thumbnail-wrap\"><img decoding=\"async\" src=\"https:\/\/www.sophieleleu.com\/wp-content\/uploads\/2024\/01\/18_filature_20230603_0803_mk-scaled.jpg\" data-lazy-src=\"https:\/\/www.sophieleleu.com\/wp-content\/uploads\/2024\/01\/18_filature_20230603_0803_mk-scaled.jpg\" alt=\"\" class=\"gallery-item-thumbnail\"><\/div><div class=\"gallery-item-caption-wrap caption-style-hoverer eael-slide-up\"><div class=\"gallery-item-hoverer-bg\"><\/div><div class=\"gallery-item-caption-over\"><h5 class=\"fg-item-title\">Music for 18 - Links<\/h5><div class=\"fg-item-content\"><p>Reich - on tour with sc\u00e8nes nationales<\/p>\n<\/div><div class=\"gallery-item-buttons\">                <a href=\"https:\/\/www.sophieleleu.com\/mezzo-soprano\/photos\/music-for-18-links-scenes-nationales\/\" aria-label=\"eael-item-maybe-link\"> <span class=\"fg-item-icon-inner\"><i class=\"\" aria-hidden=\"true\"><\/i><\/span><\/a><\/div><\/div><\/div><\/div><\/div><div class=\"eael-filterable-gallery-item-wrap eael-cf-on-stage\">\n\t\t\t\t<div class=\"eael-gallery-grid-item\"><div class=\"gallery-item-thumbnail-wrap\"><img decoding=\"async\" src=\"https:\/\/www.sophieleleu.com\/wp-content\/uploads\/2024\/01\/Picturingthedark-portrait-scaled.jpg\" data-lazy-src=\"https:\/\/www.sophieleleu.com\/wp-content\/uploads\/2024\/01\/Picturingthedark-portrait-scaled.jpg\" alt=\"\" class=\"gallery-item-thumbnail\"><\/div><div class=\"gallery-item-caption-wrap caption-style-hoverer eael-slide-up\"><div class=\"gallery-item-hoverer-bg\"><\/div><div class=\"gallery-item-caption-over\"><h5 class=\"fg-item-title\">Je suis comme je suis<\/h5><div class=\"fg-item-content\"><p>cie Des Lieux &amp; Des \u00catres - Festival d'Avignon<\/p>\n<\/div><div class=\"gallery-item-buttons\">                <a href=\"https:\/\/www.sophieleleu.com\/mezzo-soprano\/photos\/je-suis-comme-je-suis-festival-davignon\/\" aria-label=\"eael-item-maybe-link\"> <span class=\"fg-item-icon-inner\"><i class=\"\" aria-hidden=\"true\"><\/i><\/span><\/a><\/div><\/div><\/div><\/div><\/div><div class=\"eael-filterable-gallery-item-wrap eael-cf-on-stage\">\n\t\t\t\t<div class=\"eael-gallery-grid-item\"><div class=\"gallery-item-thumbnail-wrap\"><img decoding=\"async\" src=\"https:\/\/www.sophieleleu.com\/wp-content\/uploads\/2024\/01\/R7A7683-scaled.jpg\" data-lazy-src=\"https:\/\/www.sophieleleu.com\/wp-content\/uploads\/2024\/01\/R7A7683-scaled.jpg\" alt=\"\" class=\"gallery-item-thumbnail\"><\/div><div class=\"gallery-item-caption-wrap caption-style-hoverer eael-slide-up\"><div class=\"gallery-item-hoverer-bg\"><\/div><div class=\"gallery-item-caption-over\"><h5 class=\"fg-item-title\">Je suis comme je suis<\/h5><div class=\"fg-item-content\"><p>cie Des Lieux &amp; Des \u00catres - Shooting Marbrerie Montreuil<\/p>\n<\/div><div class=\"gallery-item-buttons\">                <a href=\"https:\/\/www.sophieleleu.com\/mezzo-soprano\/photos\/je-suis-comme-je-suis-tournage-marbrerie\/\" aria-label=\"eael-item-maybe-link\"> <span class=\"fg-item-icon-inner\"><i class=\"\" aria-hidden=\"true\"><\/i><\/span><\/a><\/div><\/div><\/div><\/div><\/div><div class=\"eael-filterable-gallery-item-wrap eael-cf-on-stage\">\n\t\t\t\t<div class=\"eael-gallery-grid-item\"><div class=\"gallery-item-thumbnail-wrap\"><img decoding=\"async\" src=\"https:\/\/www.sophieleleu.com\/wp-content\/uploads\/2024\/01\/Capture-decran-2014-11-22-a-15.59.06.png\" data-lazy-src=\"https:\/\/www.sophieleleu.com\/wp-content\/uploads\/2024\/01\/Capture-decran-2014-11-22-a-15.59.06.png\" alt=\"\" class=\"gallery-item-thumbnail\"><\/div><div class=\"gallery-item-caption-wrap caption-style-hoverer eael-slide-up\"><div class=\"gallery-item-hoverer-bg\"><\/div><div class=\"gallery-item-caption-over\"><h5 class=\"fg-item-title\">Apr\u00e8s un r\u00eave <\/h5><div class=\"fg-item-content\"><p>cie Des Lieux &amp; Des \u00catres<\/p>\n<\/div><div class=\"gallery-item-buttons\">                <a href=\"https:\/\/www.sophieleleu.com\/mezzo-soprano\/photos\/apres-un-reve-centre-culturel-bailly-romainvilliers\/\" aria-label=\"eael-item-maybe-link\"> <span class=\"fg-item-icon-inner\"><i class=\"\" aria-hidden=\"true\"><\/i><\/span><\/a><\/div><\/div><\/div><\/div><\/div><div class=\"eael-filterable-gallery-item-wrap eael-cf-on-stage\">\n\t\t\t\t<div class=\"eael-gallery-grid-item\"><div class=\"gallery-item-thumbnail-wrap\"><img decoding=\"async\" src=\"https:\/\/www.sophieleleu.com\/wp-content\/uploads\/2024\/01\/11742631_10207067293659219_2095136366038640146_n.jpg\" data-lazy-src=\"https:\/\/www.sophieleleu.com\/wp-content\/uploads\/2024\/01\/11742631_10207067293659219_2095136366038640146_n.jpg\" alt=\"\" class=\"gallery-item-thumbnail\"><\/div><div class=\"gallery-item-caption-wrap caption-style-hoverer eael-slide-up\"><div class=\"gallery-item-hoverer-bg\"><\/div><div class=\"gallery-item-caption-over\"><h5 class=\"fg-item-title\">Trio Joussein  <\/h5><div class=\"fg-item-content\"><p>French music in jazz - Baiser Sal\u00e9<\/p>\n<\/div><div class=\"gallery-item-buttons\">                <a href=\"https:\/\/www.sophieleleu.com\/mezzo-soprano\/photos\/trio-joussein-baiser-sale-2\/\" aria-label=\"eael-item-maybe-link\"> <span class=\"fg-item-icon-inner\"><i class=\"\" aria-hidden=\"true\"><\/i><\/span><\/a><\/div><\/div><\/div><\/div><\/div><div class=\"eael-filterable-gallery-item-wrap eael-cf-portraits\">\n\t\t\t\t<div class=\"eael-gallery-grid-item\"><div class=\"gallery-item-thumbnail-wrap\"><img decoding=\"async\" src=\"https:\/\/www.sophieleleu.com\/wp-content\/uploads\/2024\/01\/Copie-de-20110616-Sophie-Leleu-MD-0002-1.jpg\" data-lazy-src=\"https:\/\/www.sophieleleu.com\/wp-content\/uploads\/2024\/01\/Copie-de-20110616-Sophie-Leleu-MD-0002-1.jpg\" alt=\"\" class=\"gallery-item-thumbnail\"><\/div><div class=\"gallery-item-caption-wrap caption-style-hoverer eael-slide-up\"><div class=\"gallery-item-hoverer-bg\"><\/div><div class=\"gallery-item-caption-over\"><h5 class=\"fg-item-title\">Classics  <\/h5><div class=\"fg-item-content\"><p>Portraits  <\/p>\n<\/div><div class=\"gallery-item-buttons\">                <a href=\"https:\/\/www.sophieleleu.com\/mezzo-soprano\/photos\/classiques\/\" aria-label=\"eael-item-maybe-link\"> <span class=\"fg-item-icon-inner\"><i class=\"\" aria-hidden=\"true\"><\/i><\/span><\/a><\/div><\/div><\/div><\/div><\/div><div class=\"eael-filterable-gallery-item-wrap eael-cf-portraits\">\n\t\t\t\t<div class=\"eael-gallery-grid-item\"><div class=\"gallery-item-thumbnail-wrap\"><img decoding=\"async\" src=\"https:\/\/www.sophieleleu.com\/wp-content\/uploads\/2024\/01\/12122019-_DSF8715.jpeg\" data-lazy-src=\"https:\/\/www.sophieleleu.com\/wp-content\/uploads\/2024\/01\/12122019-_DSF8715.jpeg\" alt=\"\" class=\"gallery-item-thumbnail\"><\/div><div class=\"gallery-item-caption-wrap caption-style-hoverer eael-slide-up\"><div class=\"gallery-item-hoverer-bg\"><\/div><div class=\"gallery-item-caption-over\"><h5 class=\"fg-item-title\">Behind the scenes  <\/h5><div class=\"fg-item-content\"><p>Portraits<\/p>\n<\/div><div class=\"gallery-item-buttons\">                <a href=\"https:\/\/www.sophieleleu.com\/mezzo-soprano\/photos\/costumee\/\" aria-label=\"eael-item-maybe-link\"> <span class=\"fg-item-icon-inner\"><i class=\"\" aria-hidden=\"true\"><\/i><\/span><\/a><\/div><\/div><\/div><\/div><\/div><div class=\"eael-filterable-gallery-item-wrap eael-cf-portraits\">\n\t\t\t\t<div class=\"eael-gallery-grid-item\"><div class=\"gallery-item-thumbnail-wrap\"><img decoding=\"async\" src=\"https:\/\/www.sophieleleu.com\/wp-content\/uploads\/2024\/01\/IMG_0046_5.jpg\" data-lazy-src=\"https:\/\/www.sophieleleu.com\/wp-content\/uploads\/2024\/01\/IMG_0046_5.jpg\" alt=\"\" class=\"gallery-item-thumbnail\"><\/div><div class=\"gallery-item-caption-wrap caption-style-hoverer eael-slide-up\"><div class=\"gallery-item-hoverer-bg\"><\/div><div class=\"gallery-item-caption-over\"><h5 class=\"fg-item-title\">De femmes en femmes<\/h5><div class=\"fg-item-content\"><p>Self-portraits<\/p>\n<\/div><div class=\"gallery-item-buttons\">                <a href=\"https:\/\/www.sophieleleu.com\/mezzo-soprano\/photos\/de-femmes-en-femmes\/\" aria-label=\"eael-item-maybe-link\"> <span class=\"fg-item-icon-inner\"><i class=\"\" aria-hidden=\"true\"><\/i><\/span><\/a><\/div><\/div><\/div><\/div><\/div><div class=\"eael-filterable-gallery-item-wrap eael-cf-portraits\">\n\t\t\t\t<div class=\"eael-gallery-grid-item\"><div class=\"gallery-item-thumbnail-wrap\"><img decoding=\"async\" src=\"https:\/\/www.sophieleleu.com\/wp-content\/uploads\/2024\/01\/rouge-173.webp\" data-lazy-src=\"https:\/\/www.sophieleleu.com\/wp-content\/uploads\/2024\/01\/rouge-173.webp\" alt=\"\" class=\"gallery-item-thumbnail\"><\/div><div class=\"gallery-item-caption-wrap caption-style-hoverer eael-slide-up\"><div class=\"gallery-item-hoverer-bg\"><\/div><div class=\"gallery-item-caption-over\"><h5 class=\"fg-item-title\">Poppies<\/h5><div class=\"fg-item-content\"><p>Portraits by Ralf Kleeman<\/p>\n<\/div><div class=\"gallery-item-buttons\">                <a href=\"https:\/\/www.sophieleleu.com\/mezzo-soprano\/photos\/coquelicots\/\" aria-label=\"eael-item-maybe-link\"> <span class=\"fg-item-icon-inner\"><i class=\"\" aria-hidden=\"true\"><\/i><\/span><\/a><\/div><\/div><\/div><\/div><\/div><div class=\"eael-filterable-gallery-item-wrap eael-cf-portraits\">\n\t\t\t\t<div class=\"eael-gallery-grid-item\"><div class=\"gallery-item-thumbnail-wrap\"><img decoding=\"async\" src=\"https:\/\/www.sophieleleu.com\/wp-content\/uploads\/2024\/01\/IMG_4978-scaled.jpg\" data-lazy-src=\"https:\/\/www.sophieleleu.com\/wp-content\/uploads\/2024\/01\/IMG_4978-scaled.jpg\" alt=\"\" class=\"gallery-item-thumbnail\"><\/div><div class=\"gallery-item-caption-wrap caption-style-hoverer eael-slide-up\"><div class=\"gallery-item-hoverer-bg\"><\/div><div class=\"gallery-item-caption-over\"><h5 class=\"fg-item-title\">River<\/h5><div class=\"fg-item-content\"><p>Portraits by Ralf Kleeman<\/p>\n<\/div><div class=\"gallery-item-buttons\">                <a href=\"https:\/\/www.sophieleleu.com\/mezzo-soprano\/photos\/riviere\/\" aria-label=\"eael-item-maybe-link\"> <span class=\"fg-item-icon-inner\"><i class=\"\" aria-hidden=\"true\"><\/i><\/span><\/a><\/div><\/div><\/div><\/div><\/div><div class=\"eael-filterable-gallery-item-wrap eael-cf-portraits\">\n\t\t\t\t<div class=\"eael-gallery-grid-item\"><div class=\"gallery-item-thumbnail-wrap\"><img decoding=\"async\" src=\"https:\/\/www.sophieleleu.com\/wp-content\/uploads\/2024\/01\/271A1849-1-scaled.jpg\" data-lazy-src=\"https:\/\/www.sophieleleu.com\/wp-content\/uploads\/2024\/01\/271A1849-1-scaled.jpg\" alt=\"\" class=\"gallery-item-thumbnail\"><\/div><div class=\"gallery-item-caption-wrap caption-style-hoverer eael-slide-up\"><div class=\"gallery-item-hoverer-bg\"><\/div><div class=\"gallery-item-caption-over\"><h5 class=\"fg-item-title\">In the fields<\/h5><div class=\"fg-item-content\"><p>Portraits by Ralf Kleeman<\/p>\n<\/div><div class=\"gallery-item-buttons\">                <a href=\"https:\/\/www.sophieleleu.com\/mezzo-soprano\/photos\/dans-les-champs\/\" aria-label=\"eael-item-maybe-link\"> <span class=\"fg-item-icon-inner\"><i class=\"\" aria-hidden=\"true\"><\/i><\/span><\/a><\/div><\/div><\/div><\/div><\/div>            <\/div>\n\n                    <\/div>\n\n        \t\t<\/div>\n\t\t\t\t<\/div>\n\t\t\t\t\t<\/div>\n\t\t\t\t<\/div>\n\t\t\t\t\t\t\t<\/div>\n\t\t","protected":false},"excerpt":{"rendered":"<p>Photos All Galleries On stage Portraits Golem \/ Amos Gita\u00ef Th\u00e9\u00e2tre National de la Colline and tours Un ballo in maschera Verdi &#8211; Teatro Mancinelli Le m\u00e9decin Malgr\u00e9 lui Gounod &#8211; Op\u00e9ra de Saint-Etienne Carmen Bizet &#8211; Saigon Opera Fr\u00e9d\u00e9gonde Saint-Sa\u00ebns &#8211; Saigon Opera Nixon in China Adams &#8211; Th\u00e9\u00e2tre du Ch\u00e2telet Pastorale Pesson &#8211; [&hellip;]<\/p>\n","protected":false},"author":1,"featured_media":0,"parent":9800,"menu_order":0,"comment_status":"closed","ping_status":"closed","template":"","meta":{"footnotes":""},"class_list":["post-9798","page","type-page","status-publish","hentry"],"acf":[],"_links":{"self":[{"href":"https:\/\/www.sophieleleu.com\/en\/wp-json\/wp\/v2\/pages\/9798","targetHints":{"allow":["GET"]}}],"collection":[{"href":"https:\/\/www.sophieleleu.com\/en\/wp-json\/wp\/v2\/pages"}],"about":[{"href":"https:\/\/www.sophieleleu.com\/en\/wp-json\/wp\/v2\/types\/page"}],"author":[{"embeddable":true,"href":"https:\/\/www.sophieleleu.com\/en\/wp-json\/wp\/v2\/users\/1"}],"replies":[{"embeddable":true,"href":"https:\/\/www.sophieleleu.com\/en\/wp-json\/wp\/v2\/comments?post=9798"}],"version-history":[{"count":23,"href":"https:\/\/www.sophieleleu.com\/en\/wp-json\/wp\/v2\/pages\/9798\/revisions"}],"predecessor-version":[{"id":14955,"href":"https:\/\/www.sophieleleu.com\/en\/wp-json\/wp\/v2\/pages\/9798\/revisions\/14955"}],"up":[{"embeddable":true,"href":"https:\/\/www.sophieleleu.com\/en\/wp-json\/wp\/v2\/pages\/9800"}],"wp:attachment":[{"href":"https:\/\/www.sophieleleu.com\/en\/wp-json\/wp\/v2\/media?parent=9798"}],"curies":[{"name":"wp","href":"https:\/\/api.w.org\/{rel}","templated":true}]}}